{"id":1763,"date":"2022-08-23T23:58:32","date_gmt":"2022-08-23T21:58:32","guid":{"rendered":"https:\/\/soluzioniwebdev.it\/leserre\/it\/?page_id=1763"},"modified":"2024-09-13T15:11:16","modified_gmt":"2024-09-13T13:11:16","slug":"altrememorie","status":"publish","type":"page","link":"https:\/\/leserre.co\/altrememorie\/","title":{"rendered":"Altrememorie"},"content":{"rendered":"<p><img src=\"\/wp-content\/uploads\/2022\/12\/SVG191222-Altrememorie.svg\" alt=\"\"><\/p>\n<h1>\n<p style=\"font-weight: 400;line-height:45px;letter-spacing:-1px;margin:0;padding:0;\">Altrememorie \u00e8 un\u2019associazione culturale che promuove e ospita residenze ed esposizioni artistiche. Sviluppa una nuova narrazione e interpretazione del territorio, attraverso i diversi linguaggi dell\u2019arte contemporanea.<\/p>\n<\/h1>\n<h3>\n<p style=\"font-weight: 400;line-height:35px;letter-spacing:-1px;margin:0;padding:0;\">Altrememorie \u00e8 un\u2019associazione culturale che promuove e ospita residenze ed esposizioni artistiche. Sviluppa una nuova narrazione e interpretazione del territorio, attraverso i diversi linguaggi dell\u2019arte contemporanea.<\/p>\n<\/h3>\n<p><img src=\"\/wp-content\/uploads\/2024\/09\/banner-altrememorie.jpg\" alt=\"\"><\/p>\n<h2>Progetti<\/h2>\n<h3>Progetti<\/h3>\n<div>\n<p>    <div class=\"webdev-cs-filter\"><script>var mifune_tipology = \"mifunetipology\"; var mifune_tipology_def = \"mifunetipology\";<\/script><script>mifune_tipology_def = mifune_tipology_def + \" multimedia-art\";<\/script>\n        <span class=\"webdev-checker-box\">\n            <span class=\"checker\" id=\"mifune-tipology-btn-multimedia-art\"><\/span>\n            <span class=\"label\" id=\"mifune-tipology-txt-multimedia-art\">Multimedia Art<\/span>\n        <\/span><script>\n            jQuery(\"#mifune-tipology-btn-multimedia-art\").click(function(){\n                jQuery(this).toggleClass(\"chActive\");\n                \/\/ jQuery(\"#mifune-tipology-txt-multimedia-art\").toggleClass(\"chThrough\");\n                if(mifune_tipology.indexOf(\"multimedia-art\") != -1){ mifune_tipology = mifune_tipology.replace(\" multimedia-art\", \"\"); }\n                else { mifune_tipology = mifune_tipology + \" multimedia-art\"; }\n                MifuneFilterTipology(mifune_tipology);\n            });\n            jQuery(\"#mifune-tipology-txt-multimedia-art\").click(function(){\n                \/\/ jQuery(this).toggleClass(\"chThrough\");\n                jQuery(\"#mifune-tipology-btn-multimedia-art\").toggleClass(\"chActive\");\n                if(mifune_tipology.indexOf(\"multimedia-art\") != -1){ mifune_tipology = mifune_tipology.replace(\" multimedia-art\", \"\"); }\n                else { mifune_tipology = mifune_tipology + \" multimedia-art\"; }\n                MifuneFilterTipology(mifune_tipology);\n            });\n        <\/script><script>mifune_tipology_def = mifune_tipology_def + \" performance-art\";<\/script>\n        <span class=\"webdev-checker-box\">\n            <span class=\"checker\" id=\"mifune-tipology-btn-performance-art\"><\/span>\n            <span class=\"label\" id=\"mifune-tipology-txt-performance-art\">Performance Art<\/span>\n        <\/span><script>\n            jQuery(\"#mifune-tipology-btn-performance-art\").click(function(){\n                jQuery(this).toggleClass(\"chActive\");\n                \/\/ jQuery(\"#mifune-tipology-txt-performance-art\").toggleClass(\"chThrough\");\n                if(mifune_tipology.indexOf(\"performance-art\") != -1){ mifune_tipology = mifune_tipology.replace(\" performance-art\", \"\"); }\n                else { mifune_tipology = mifune_tipology + \" performance-art\"; }\n                MifuneFilterTipology(mifune_tipology);\n            });\n            jQuery(\"#mifune-tipology-txt-performance-art\").click(function(){\n                \/\/ jQuery(this).toggleClass(\"chThrough\");\n                jQuery(\"#mifune-tipology-btn-performance-art\").toggleClass(\"chActive\");\n                if(mifune_tipology.indexOf(\"performance-art\") != -1){ mifune_tipology = mifune_tipology.replace(\" performance-art\", \"\"); }\n                else { mifune_tipology = mifune_tipology + \" performance-art\"; }\n                MifuneFilterTipology(mifune_tipology);\n            });\n        <\/script><script>mifune_tipology_def = mifune_tipology_def + \" community\";<\/script>\n        <span class=\"webdev-checker-box\">\n            <span class=\"checker\" id=\"mifune-tipology-btn-community\"><\/span>\n            <span class=\"label\" id=\"mifune-tipology-txt-community\">Community<\/span>\n        <\/span><script>\n            jQuery(\"#mifune-tipology-btn-community\").click(function(){\n                jQuery(this).toggleClass(\"chActive\");\n                \/\/ jQuery(\"#mifune-tipology-txt-community\").toggleClass(\"chThrough\");\n                if(mifune_tipology.indexOf(\"community\") != -1){ mifune_tipology = mifune_tipology.replace(\" community\", \"\"); }\n                else { mifune_tipology = mifune_tipology + \" community\"; }\n                MifuneFilterTipology(mifune_tipology);\n            });\n            jQuery(\"#mifune-tipology-txt-community\").click(function(){\n                \/\/ jQuery(this).toggleClass(\"chThrough\");\n                jQuery(\"#mifune-tipology-btn-community\").toggleClass(\"chActive\");\n                if(mifune_tipology.indexOf(\"community\") != -1){ mifune_tipology = mifune_tipology.replace(\" community\", \"\"); }\n                else { mifune_tipology = mifune_tipology + \" community\"; }\n                MifuneFilterTipology(mifune_tipology);\n            });\n        <\/script><script>mifune_tipology_def = mifune_tipology_def + \" consulting\";<\/script>\n        <span class=\"webdev-checker-box\">\n            <span class=\"checker\" id=\"mifune-tipology-btn-consulting\"><\/span>\n            <span class=\"label\" id=\"mifune-tipology-txt-consulting\">Consulting<\/span>\n        <\/span><script>\n            jQuery(\"#mifune-tipology-btn-consulting\").click(function(){\n                jQuery(this).toggleClass(\"chActive\");\n                \/\/ jQuery(\"#mifune-tipology-txt-consulting\").toggleClass(\"chThrough\");\n                if(mifune_tipology.indexOf(\"consulting\") != -1){ mifune_tipology = mifune_tipology.replace(\" consulting\", \"\"); }\n                else { mifune_tipology = mifune_tipology + \" consulting\"; }\n                MifuneFilterTipology(mifune_tipology);\n            });\n            jQuery(\"#mifune-tipology-txt-consulting\").click(function(){\n                \/\/ jQuery(this).toggleClass(\"chThrough\");\n                jQuery(\"#mifune-tipology-btn-consulting\").toggleClass(\"chActive\");\n                if(mifune_tipology.indexOf(\"consulting\") != -1){ mifune_tipology = mifune_tipology.replace(\" consulting\", \"\"); }\n                else { mifune_tipology = mifune_tipology + \" consulting\"; }\n                MifuneFilterTipology(mifune_tipology);\n            });\n        <\/script><script>mifune_tipology_def = mifune_tipology_def + \" creative-direction\";<\/script>\n        <span class=\"webdev-checker-box\">\n            <span class=\"checker\" id=\"mifune-tipology-btn-creative-direction\"><\/span>\n            <span class=\"label\" id=\"mifune-tipology-txt-creative-direction\">Creative Direction<\/span>\n        <\/span><script>\n            jQuery(\"#mifune-tipology-btn-creative-direction\").click(function(){\n                jQuery(this).toggleClass(\"chActive\");\n                \/\/ jQuery(\"#mifune-tipology-txt-creative-direction\").toggleClass(\"chThrough\");\n                if(mifune_tipology.indexOf(\"creative-direction\") != -1){ mifune_tipology = mifune_tipology.replace(\" creative-direction\", \"\"); }\n                else { mifune_tipology = mifune_tipology + \" creative-direction\"; }\n                MifuneFilterTipology(mifune_tipology);\n            });\n            jQuery(\"#mifune-tipology-txt-creative-direction\").click(function(){\n                \/\/ jQuery(this).toggleClass(\"chThrough\");\n                jQuery(\"#mifune-tipology-btn-creative-direction\").toggleClass(\"chActive\");\n                if(mifune_tipology.indexOf(\"creative-direction\") != -1){ mifune_tipology = mifune_tipology.replace(\" creative-direction\", \"\"); }\n                else { mifune_tipology = mifune_tipology + \" creative-direction\"; }\n                MifuneFilterTipology(mifune_tipology);\n            });\n        <\/script><script>mifune_tipology_def = mifune_tipology_def + \" events\";<\/script>\n        <span class=\"webdev-checker-box\">\n            <span class=\"checker\" id=\"mifune-tipology-btn-events\"><\/span>\n            <span class=\"label\" id=\"mifune-tipology-txt-events\">Events<\/span>\n        <\/span><script>\n            jQuery(\"#mifune-tipology-btn-events\").click(function(){\n                jQuery(this).toggleClass(\"chActive\");\n                \/\/ jQuery(\"#mifune-tipology-txt-events\").toggleClass(\"chThrough\");\n                if(mifune_tipology.indexOf(\"events\") != -1){ mifune_tipology = mifune_tipology.replace(\" events\", \"\"); }\n                else { mifune_tipology = mifune_tipology + \" events\"; }\n                MifuneFilterTipology(mifune_tipology);\n            });\n            jQuery(\"#mifune-tipology-txt-events\").click(function(){\n                \/\/ jQuery(this).toggleClass(\"chThrough\");\n                jQuery(\"#mifune-tipology-btn-events\").toggleClass(\"chActive\");\n                if(mifune_tipology.indexOf(\"events\") != -1){ mifune_tipology = mifune_tipology.replace(\" events\", \"\"); }\n                else { mifune_tipology = mifune_tipology + \" events\"; }\n                MifuneFilterTipology(mifune_tipology);\n            });\n        <\/script><script>mifune_tipology_def = mifune_tipology_def + \" workshops\";<\/script>\n        <span class=\"webdev-checker-box\">\n            <span class=\"checker\" id=\"mifune-tipology-btn-workshops\"><\/span>\n            <span class=\"label\" id=\"mifune-tipology-txt-workshops\">Workshops<\/span>\n        <\/span><script>\n            jQuery(\"#mifune-tipology-btn-workshops\").click(function(){\n                jQuery(this).toggleClass(\"chActive\");\n                \/\/ jQuery(\"#mifune-tipology-txt-workshops\").toggleClass(\"chThrough\");\n                if(mifune_tipology.indexOf(\"workshops\") != -1){ mifune_tipology = mifune_tipology.replace(\" workshops\", \"\"); }\n                else { mifune_tipology = mifune_tipology + \" workshops\"; }\n                MifuneFilterTipology(mifune_tipology);\n            });\n            jQuery(\"#mifune-tipology-txt-workshops\").click(function(){\n                \/\/ jQuery(this).toggleClass(\"chThrough\");\n                jQuery(\"#mifune-tipology-btn-workshops\").toggleClass(\"chActive\");\n                if(mifune_tipology.indexOf(\"workshops\") != -1){ mifune_tipology = mifune_tipology.replace(\" workshops\", \"\"); }\n                else { mifune_tipology = mifune_tipology + \" workshops\"; }\n                MifuneFilterTipology(mifune_tipology);\n            });\n        <\/script><script>mifune_tipology_def = mifune_tipology_def + \" management\";<\/script>\n        <span class=\"webdev-checker-box\">\n            <span class=\"checker\" id=\"mifune-tipology-btn-management\"><\/span>\n            <span class=\"label\" id=\"mifune-tipology-txt-management\">Management<\/span>\n        <\/span><script>\n            jQuery(\"#mifune-tipology-btn-management\").click(function(){\n                jQuery(this).toggleClass(\"chActive\");\n                \/\/ jQuery(\"#mifune-tipology-txt-management\").toggleClass(\"chThrough\");\n                if(mifune_tipology.indexOf(\"management\") != -1){ mifune_tipology = mifune_tipology.replace(\" management\", \"\"); }\n                else { mifune_tipology = mifune_tipology + \" management\"; }\n                MifuneFilterTipology(mifune_tipology);\n            });\n            jQuery(\"#mifune-tipology-txt-management\").click(function(){\n                \/\/ jQuery(this).toggleClass(\"chThrough\");\n                jQuery(\"#mifune-tipology-btn-management\").toggleClass(\"chActive\");\n                if(mifune_tipology.indexOf(\"management\") != -1){ mifune_tipology = mifune_tipology.replace(\" management\", \"\"); }\n                else { mifune_tipology = mifune_tipology + \" management\"; }\n                MifuneFilterTipology(mifune_tipology);\n            });\n        <\/script><\/div><br \/>\n<script>console.log(\"Mifune Grid designed by Alex Duca for Le(Serre\")<\/script><div class=\"webdev-grid\">\n            <div class=\"rows rwheader\">\n                <div class=\"cols colS-1 sgrid-desk\">Project<\/div>\n                <div class=\"cols colS-2 sgrid-desk\">Year<\/div>\n                <div class=\"cols colS-3 sgrid-desk\">Reference area<\/div>\n                <div class=\"cols colS-5 sgrid-mobi\">Projects<\/div>\n            <\/div><div class=\"tipology multimediaart community creativedirection management\"><div class=\"rows rwbord\" id=\"wdAccBtn5293\">\n                <div class=\"cols colS-1 coltxtct sgrid-desk\">ALTREMEMORIE RESIDENZE 2026<\/div>\n                <div class=\"cols colS-2 coltxtct sgrid-desk\">2026<\/div>\n                <div class=\"cols colS-3 coltxtct sgrid-desk lihe20px\">Multimedia Art, Community, Creative Direction, Management<\/div>\n                <div class=\"cols col3-5 sgrid-mobi lihe22px\">\n                    <b>ALTREMEMORIE RESIDENZE 2026<\/b><br>\n                    Publication year: <b>2026<\/b><br>\n                    Reference area: <b>Multimedia Art, Community, Creative Direction, Management<\/b>\n                <\/div>\n            <\/div><div class=\"rows wdAccSecGen hide\" id=\"wdAccSec5293\">\n                <div class=\"cols col3-2 sgrid-desk\">\n                    <div class=\"wdAccImgBox\">\n                        <img src=\"https:\/\/leserre.co\/wp-content\/uploads\/2026\/03\/GC_TORRE_2-7.tif\" id=\"wdReMoImg5293\">\n                    <\/div>\n                <\/div>\n                <div class=\"cols col3-1 sgrid-desk\">\n                    <div class=\"wdReMoBox\" id=\"wdReMoBox5293\">\n                        <span id=\"wdReMoTxt5293\" class=\"lihe20px\">\n<p>Altrememorie \u00e8 un osservatorio sul paesaggio che promuove e ospita residenze ed esposizioni artistiche. Invita artisti e artiste a sviluppare una nuova narrazione e interpretazione del territorio attraverso i diversi linguaggi dell\u2019arte contemporanea. Le residenze cercano di avvicinare il pubblico ai processi creativi e di stimolare la conoscenza del proprio patrimonio territoriale, promuovendo un atteggiamento di curiosit\u00e0 e di interazione con il linguaggio artistico.<\/p>\n\n\n\n<p>ARTISTE\/I IN RESIDENZA 2026: Alessandro Mazzotti Pixa, Giovanni Chiarot, Diego Drudi, Janez Gro\u0161elj, Cristina Materassi.<\/p>\n\n\n\n<p><br>Un progetto di: Associazione Altrememorie<br>In collaborazione con Giovanni Chiarot, Matteo Carli<br>Con il sostegno di: Regione Friuli Venezia Giulia, Fondazione Friuli<br>Foto di Giovanni Chiarot<\/p>\n\n\n\n<p>VAI ALLA PAGINA RESIDENZE 2026<\/p>\n\n\n\n<p><\/p>\n\n\n\n<p><\/p>\n<\/span>\n                    <\/div>\n                <\/div>\n                <div class=\"cols col4-4 sgrid-mobi fontRem08 lihe20px\">\n<p>Altrememorie \u00e8 un osservatorio sul paesaggio che promuove e ospita residenze ed esposizioni artistiche. Invita artisti e artiste a sviluppare una nuova narrazione e interpretazione del territorio attraverso i diversi linguaggi dell\u2019arte contemporanea. Le residenze cercano di avvicinare il pubblico ai processi creativi e di stimolare la conoscenza del proprio patrimonio territoriale, promuovendo un atteggiamento di curiosit\u00e0 e di interazione con il linguaggio artistico.<\/p>\n\n\n\n<p>ARTISTE\/I IN RESIDENZA 2026: Alessandro Mazzotti Pixa, Giovanni Chiarot, Diego Drudi, Janez Gro\u0161elj, Cristina Materassi.<\/p>\n\n\n\n<p><br>Un progetto di: Associazione Altrememorie<br>In collaborazione con Giovanni Chiarot, Matteo Carli<br>Con il sostegno di: Regione Friuli Venezia Giulia, Fondazione Friuli<br>Foto di Giovanni Chiarot<\/p>\n\n\n\n<p>VAI ALLA PAGINA RESIDENZE 2026<\/p>\n\n\n\n<p><\/p>\n\n\n\n<p><\/p>\n\n                    <div class=\"wdAccImgBox\">\n                        <img src=\"https:\/\/leserre.co\/wp-content\/uploads\/2026\/03\/GC_TORRE_2-7.tif\">\n                    <\/div>\n                <\/div>\n            <\/div>\n        <\/div><script>\n        jQuery(\"#wdAccBtn5293\").click(function() {\n            if( jQuery(\"#wdAccSec5293\").hasClass(\"hide\") == true){\n                jQuery(\".wdAccSecGen\").addClass(\"hide\");\n                var wnds = jQuery(\"#wdAccBtn5293\").position();\n                var wnda = parseInt(wnds.top) - 25;\n                jQuery(\"html\").animate({ scrollTop: wnda }, \"slow\");\n            }\n            jQuery(\"#wdAccSec5293\").toggleClass(\"hide\");\n        });\n        <\/script><div class=\"tipology multimediaart community management\"><div class=\"rows rwbord\" id=\"wdAccBtn5284\">\n                <div class=\"cols colS-1 coltxtct sgrid-desk\">CORRENTI<\/div>\n                <div class=\"cols colS-2 coltxtct sgrid-desk\">2025-2026<\/div>\n                <div class=\"cols colS-3 coltxtct sgrid-desk lihe20px\">Multimedia Art, Community, Management<\/div>\n                <div class=\"cols col3-5 sgrid-mobi lihe22px\">\n                    <b>CORRENTI<\/b><br>\n                    Publication year: <b>2025-2026<\/b><br>\n                    Reference area: <b>Multimedia Art, Community, Management<\/b>\n                <\/div>\n            <\/div><div class=\"rows wdAccSecGen hide\" id=\"wdAccSec5284\">\n                <div class=\"cols col3-2 sgrid-desk\">\n                    <div class=\"wdAccImgBox\">\n                        <img src=\"https:\/\/leserre.co\/wp-content\/uploads\/2026\/03\/correnti_1.png\" id=\"wdReMoImg5284\">\n                    <\/div>\n                <\/div>\n                <div class=\"cols col3-1 sgrid-desk\">\n                    <div class=\"wdReMoBox\" id=\"wdReMoBox5284\">\n                        <span id=\"wdReMoTxt5284\" class=\"lihe20px\">\n<p>Correnti \u00e8 un progetto di esplorazione, indagine e narrazione artistica che si \u00e8 sviluppato lungo l&#8217;Isonzo, tra Italia e Slovenia.<br>Il fiume rappresenta un vettore naturale che interseca un confine politico-geografico; un punto di vista per rappresentare la complessit\u00e0 e la ricchezza del territorio che lo circonda.<br>Il progetto ha proposto una residenza artistica multidisciplinare che ha coinvolto 9 tra artiste e artisti; 3 concerti e una mostra\/gioco finale.<br>&#8220;Ognuno\/a di noi porta con s\u00e9 la memoria di almeno un gioco d\u2019infanzia, magari non ricordando esattamente le regole, ma piuttosto la sensazione di gioia liberatoria provata giocando, spesso legata ad un\u2019esperienza collettiva. Il gioco, gratuito e fine a s\u00e9 stesso, si isola in luogo e durata dalla vita ordinaria, rifuggendo dalle sue dinamiche consumistiche e commerciali. Anche per questa ragione il gioco ha un potenziale sovversivo, trascendendo le limitazioni dettate da sovrastrutture sociali e ragioni geopolitiche, come i confini.&#8221; (&#8230;)<\/p>\n\n\n\n<p>Curatela residenza e mostra: Eleonora Sovrani <br>Artisti in residenza: Francesca Cogni, Giulio Polloniato, Lenart de Bock, Maria Jo\u00e3o Petrucci, Rafhael Comodino, Tilen Kravos, Yoann Van Parys, \u017diga Ipavec. <br>Allestimento mostra: Francesco Bevilacqua <\/p>\n\n\n\n<p>Un progetto di Associazione Culturale Altrememorie<br>In collaborazione con Associazione Culturale Dru\u0161tvo Sik, Zeroidee APS, Associazione Quarantasettezeroquattro, IDA ETS, Associazione ETRAR.T.E.,\u00a0Circolo Arci Gong, Bar Trattoria al Poeta, Kreativna cona Vrtojba, Le(Serre, Stamperia Westerberg, Spazio Cluster\u00a0Multimedialit\u00e0<br>Con il contributo di Regione Friuli Venezia Giulia<br><br><a rel=\"noreferrer noopener\" href=\"https:\/\/sites.google.com\/leserre.co\/correnti\/home\" target=\"_blank\">VAI AL SITO CORRENTI<\/a> <\/p>\n\n\n\n<p>\u00a0<\/p>\n<\/span>\n                    <\/div>\n                <\/div>\n                <div class=\"cols col4-4 sgrid-mobi fontRem08 lihe20px\">\n<p>Correnti \u00e8 un progetto di esplorazione, indagine e narrazione artistica che si \u00e8 sviluppato lungo l&#8217;Isonzo, tra Italia e Slovenia.<br>Il fiume rappresenta un vettore naturale che interseca un confine politico-geografico; un punto di vista per rappresentare la complessit\u00e0 e la ricchezza del territorio che lo circonda.<br>Il progetto ha proposto una residenza artistica multidisciplinare che ha coinvolto 9 tra artiste e artisti; 3 concerti e una mostra\/gioco finale.<br>&#8220;Ognuno\/a di noi porta con s\u00e9 la memoria di almeno un gioco d\u2019infanzia, magari non ricordando esattamente le regole, ma piuttosto la sensazione di gioia liberatoria provata giocando, spesso legata ad un\u2019esperienza collettiva. Il gioco, gratuito e fine a s\u00e9 stesso, si isola in luogo e durata dalla vita ordinaria, rifuggendo dalle sue dinamiche consumistiche e commerciali. Anche per questa ragione il gioco ha un potenziale sovversivo, trascendendo le limitazioni dettate da sovrastrutture sociali e ragioni geopolitiche, come i confini.&#8221; (&#8230;)<\/p>\n\n\n\n<p>Curatela residenza e mostra: Eleonora Sovrani <br>Artisti in residenza: Francesca Cogni, Giulio Polloniato, Lenart de Bock, Maria Jo\u00e3o Petrucci, Rafhael Comodino, Tilen Kravos, Yoann Van Parys, \u017diga Ipavec. <br>Allestimento mostra: Francesco Bevilacqua <\/p>\n\n\n\n<p>Un progetto di Associazione Culturale Altrememorie<br>In collaborazione con Associazione Culturale Dru\u0161tvo Sik, Zeroidee APS, Associazione Quarantasettezeroquattro, IDA ETS, Associazione ETRAR.T.E.,\u00a0Circolo Arci Gong, Bar Trattoria al Poeta, Kreativna cona Vrtojba, Le(Serre, Stamperia Westerberg, Spazio Cluster\u00a0Multimedialit\u00e0<br>Con il contributo di Regione Friuli Venezia Giulia<br><br><a rel=\"noreferrer noopener\" href=\"https:\/\/sites.google.com\/leserre.co\/correnti\/home\" target=\"_blank\">VAI AL SITO CORRENTI<\/a> <\/p>\n\n\n\n<p>\u00a0<\/p>\n\n                    <div class=\"wdAccImgBox\">\n                        <img src=\"https:\/\/leserre.co\/wp-content\/uploads\/2026\/03\/correnti_1.png\">\n                    <\/div>\n                <\/div>\n            <\/div>\n        <\/div><script>\n        jQuery(\"#wdAccBtn5284\").click(function() {\n            if( jQuery(\"#wdAccSec5284\").hasClass(\"hide\") == true){\n                jQuery(\".wdAccSecGen\").addClass(\"hide\");\n                var wnds = jQuery(\"#wdAccBtn5284\").position();\n                var wnda = parseInt(wnds.top) - 25;\n                jQuery(\"html\").animate({ scrollTop: wnda }, \"slow\");\n            }\n            jQuery(\"#wdAccSec5284\").toggleClass(\"hide\");\n        });\n        <\/script><div class=\"tipology multimediaart creativedirection management\"><div class=\"rows rwbord\" id=\"wdAccBtn4705\">\n                <div class=\"cols colS-1 coltxtct sgrid-desk\">TRASPOSIZIONI<\/div>\n                <div class=\"cols colS-2 coltxtct sgrid-desk\">2025<\/div>\n                <div class=\"cols colS-3 coltxtct sgrid-desk lihe20px\">Multimedia Art, Creative Direction, Management<\/div>\n                <div class=\"cols col3-5 sgrid-mobi lihe22px\">\n                    <b>TRASPOSIZIONI<\/b><br>\n                    Publication year: <b>2025<\/b><br>\n                    Reference area: <b>Multimedia Art, Creative Direction, Management<\/b>\n                <\/div>\n            <\/div><div class=\"rows wdAccSecGen hide\" id=\"wdAccSec4705\">\n                <div class=\"cols col3-2 sgrid-desk\">\n                    <div class=\"wdAccImgBox\">\n                        <img src=\"https:\/\/leserre.co\/wp-content\/uploads\/2025\/07\/Screenshot-2025-08-08-alle-09.21.58.png\" id=\"wdReMoImg4705\">\n                    <\/div>\n                <\/div>\n                <div class=\"cols col3-1 sgrid-desk\">\n                    <div class=\"wdReMoBox\" id=\"wdReMoBox4705\">\n                        <span id=\"wdReMoTxt4705\" class=\"lihe20px\">\n<p>Questa mostra \u00e8 frutto di un percorso di ricerca e di dialogo con persone cieche e ipovedenti.&nbsp;<br>Le abbiamo incontrate in luoghi per loro particolarmente significativi. Seduti in una piazza o davanti a un edificio, ci siamo fatti descrivere e raccontare quel determinato spazio fisico, anche dal punto di vista emozionale e affettivo.&nbsp;<br>Qual \u00e8 la relazione con lo spazio per una persona che non vede? Come si orienta? Cosa mette in gioco? Spesso il luogo che ci hanno raccontato \u00e8 uno spazio visto e vissuto prima di perdere la vista, un luogo dei ricordi. In una seconda fase abbiamo fatto ascoltare queste interviste a cinque artisti e artiste e, coordinati da Laura Carraro e Mohamed Chabarik, hanno realizzato un\u2019opera materica, tattile, ispirata al racconto, liberamente reinterpretato.<br>Ogni opera \u00e8 esposta unitamente a una traccia audio che contiene i suoni e i rumori di quel luogo. Pi\u00f9 ci si avvicina, pi\u00f9 ci si immerge in quel determinato ambiente. Pi\u00f9 ci si allontana, pi\u00f9 il rumore si confonde con gli altri suoni e assume un carattere d\u2019insieme.&nbsp;<br>Sotto ogni opera \u00e8 posizionato un QR code che, una volta inquadrato, permette di accedere ad un contenuto audio specifico, una guida all\u2019esplorazione tattile utile a comprendere il prodotto artistico e a facilitarne l\u2019accessibilit\u00e0.&nbsp;<br>Questa mostra racconta l\u2019incontro tra il mondo di chi \u00e8 cieco e ipovedente e il mondo dell\u2019arte, per dare forma a un paesaggio diverso. Per stare sul filo tra visibile e invisibile.<\/p>\n\n\n\n<p>Mostra prodotta da: Associazione culturale Altrememorie<br>Direzione Creativa: Giovanni Chiarot, Matteo Carli<br>Curatela: Laura Carraro, Mohamed Chabarik<br>Artisti: Mohamed Chabarik, Maryliis Teinfeldt-Grins, Victor Simenau, Luis Guerra Sobejano, Claudia Zanaga<br>Persone intervistate: Francesca Morsan, Emanuele Marzaro, Irena Gulin, Nicol\u00f2 Finocchiaro, Stefania Panozzo<br>Interviste e foto: Giovanni Chiarot<br>Consulenza all\u2019accessibilit\u00e0: Associazione culturale Fedora<br>Guide all\u2019esplorazione tattile: Girobussola APS<br>Progetto allestitivo: Matteo Carli<br>Sito web: Alberto Duca<br>PTSM \u00e8 un progetto di Altrememorie<br>Con il contributo di Regione Friuli Venezia Giulia<br>In collaborazione con Le(Serre, In\\Visible Cities, Hangar Teatri, Spazio Cluster Multimediale Gorizia, Unione Italiana Ciechi e Ipovedenti di Gorizia, Associazione culturale Fedora, CarraroChabarik, Associazione Io Deposito, Soluzione srls<\/p>\n<\/span>\n                    <\/div>\n                <\/div>\n                <div class=\"cols col4-4 sgrid-mobi fontRem08 lihe20px\">\n<p>Questa mostra \u00e8 frutto di un percorso di ricerca e di dialogo con persone cieche e ipovedenti.&nbsp;<br>Le abbiamo incontrate in luoghi per loro particolarmente significativi. Seduti in una piazza o davanti a un edificio, ci siamo fatti descrivere e raccontare quel determinato spazio fisico, anche dal punto di vista emozionale e affettivo.&nbsp;<br>Qual \u00e8 la relazione con lo spazio per una persona che non vede? Come si orienta? Cosa mette in gioco? Spesso il luogo che ci hanno raccontato \u00e8 uno spazio visto e vissuto prima di perdere la vista, un luogo dei ricordi. In una seconda fase abbiamo fatto ascoltare queste interviste a cinque artisti e artiste e, coordinati da Laura Carraro e Mohamed Chabarik, hanno realizzato un\u2019opera materica, tattile, ispirata al racconto, liberamente reinterpretato.<br>Ogni opera \u00e8 esposta unitamente a una traccia audio che contiene i suoni e i rumori di quel luogo. Pi\u00f9 ci si avvicina, pi\u00f9 ci si immerge in quel determinato ambiente. Pi\u00f9 ci si allontana, pi\u00f9 il rumore si confonde con gli altri suoni e assume un carattere d\u2019insieme.&nbsp;<br>Sotto ogni opera \u00e8 posizionato un QR code che, una volta inquadrato, permette di accedere ad un contenuto audio specifico, una guida all\u2019esplorazione tattile utile a comprendere il prodotto artistico e a facilitarne l\u2019accessibilit\u00e0.&nbsp;<br>Questa mostra racconta l\u2019incontro tra il mondo di chi \u00e8 cieco e ipovedente e il mondo dell\u2019arte, per dare forma a un paesaggio diverso. Per stare sul filo tra visibile e invisibile.<\/p>\n\n\n\n<p>Mostra prodotta da: Associazione culturale Altrememorie<br>Direzione Creativa: Giovanni Chiarot, Matteo Carli<br>Curatela: Laura Carraro, Mohamed Chabarik<br>Artisti: Mohamed Chabarik, Maryliis Teinfeldt-Grins, Victor Simenau, Luis Guerra Sobejano, Claudia Zanaga<br>Persone intervistate: Francesca Morsan, Emanuele Marzaro, Irena Gulin, Nicol\u00f2 Finocchiaro, Stefania Panozzo<br>Interviste e foto: Giovanni Chiarot<br>Consulenza all\u2019accessibilit\u00e0: Associazione culturale Fedora<br>Guide all\u2019esplorazione tattile: Girobussola APS<br>Progetto allestitivo: Matteo Carli<br>Sito web: Alberto Duca<br>PTSM \u00e8 un progetto di Altrememorie<br>Con il contributo di Regione Friuli Venezia Giulia<br>In collaborazione con Le(Serre, In\\Visible Cities, Hangar Teatri, Spazio Cluster Multimediale Gorizia, Unione Italiana Ciechi e Ipovedenti di Gorizia, Associazione culturale Fedora, CarraroChabarik, Associazione Io Deposito, Soluzione srls<\/p>\n\n                    <div class=\"wdAccImgBox\">\n                        <img src=\"https:\/\/leserre.co\/wp-content\/uploads\/2025\/07\/Screenshot-2025-08-08-alle-09.21.58.png\">\n                    <\/div>\n                <\/div>\n            <\/div>\n        <\/div><script>\n        jQuery(\"#wdAccBtn4705\").click(function() {\n            if( jQuery(\"#wdAccSec4705\").hasClass(\"hide\") == true){\n                jQuery(\".wdAccSecGen\").addClass(\"hide\");\n                var wnds = jQuery(\"#wdAccBtn4705\").position();\n                var wnda = parseInt(wnds.top) - 25;\n                jQuery(\"html\").animate({ scrollTop: wnda }, \"slow\");\n            }\n            jQuery(\"#wdAccSec4705\").toggleClass(\"hide\");\n        });\n        <\/script><div class=\"tipology multimediaart community creativedirection events management\"><div class=\"rows rwbord\" id=\"wdAccBtn4259\">\n                <div class=\"cols colS-1 coltxtct sgrid-desk\">RESIDENZE 2025<\/div>\n                <div class=\"cols colS-2 coltxtct sgrid-desk\">2025<\/div>\n                <div class=\"cols colS-3 coltxtct sgrid-desk lihe20px\">Multimedia Art, Community, Creative Direction, Events, Management<\/div>\n                <div class=\"cols col3-5 sgrid-mobi lihe22px\">\n                    <b>RESIDENZE 2025<\/b><br>\n                    Publication year: <b>2025<\/b><br>\n                    Reference area: <b>Multimedia Art, Community, Creative Direction, Events, Management<\/b>\n                <\/div>\n            <\/div><div class=\"rows wdAccSecGen hide\" id=\"wdAccSec4259\">\n                <div class=\"cols col3-2 sgrid-desk\">\n                    <div class=\"wdAccImgBox\">\n                        <img src=\"https:\/\/leserre.co\/wp-content\/uploads\/2025\/04\/GC_TORRE_2-3.jpg\" id=\"wdReMoImg4259\">\n                    <\/div>\n                <\/div>\n                <div class=\"cols col3-1 sgrid-desk\">\n                    <div class=\"wdReMoBox\" id=\"wdReMoBox4259\">\n                        <span id=\"wdReMoTxt4259\" class=\"lihe20px\">\r\n<p>\u2018Altrememorie\u2019 (Other memories) is a landscape observatory that promotes and hosts art residencies and exhibitions. It invites artists to develop a new narrative and interpretation of the territory through the different languages of contemporary art. The residencies seek to bring the public closer to creative processes and stimulate knowledge of their territorial heritage, promoting an attitude of curiosity and interaction with artistic language.<br>\r\n\r\nArtists 2025: Vicente Yanez, Scartoni\/Donati, Federica Montesanto, Ilaria Soranzio, Giovanni Chiarot, Matteo Carli<br>\r\n\r\n\r\n<!-- \/wp:html -->\r\n<p><br>Project by: Associazione Altrememorie <br>\r\nIn collaboration with: Giovanni Chiarot, Matteo Carli<br> Supported by: Regione Friuli Venezia Giulia, Turismo FVG, Fondazione Friuli<\/p> Photo: Giovanni Chiarot \/Altrememorie 2025\r\n<!-- \/wp:html --><\/span>\n                    <\/div>\n                <\/div>\n                <div class=\"cols col4-4 sgrid-mobi fontRem08 lihe20px\">\r\n<p>\u2018Altrememorie\u2019 (Other memories) is a landscape observatory that promotes and hosts art residencies and exhibitions. It invites artists to develop a new narrative and interpretation of the territory through the different languages of contemporary art. The residencies seek to bring the public closer to creative processes and stimulate knowledge of their territorial heritage, promoting an attitude of curiosity and interaction with artistic language.<br>\r\n\r\nArtists 2025: Vicente Yanez, Scartoni\/Donati, Federica Montesanto, Ilaria Soranzio, Giovanni Chiarot, Matteo Carli<br>\r\n\r\n\r\n<!-- \/wp:html -->\r\n<p><br>Project by: Associazione Altrememorie <br>\r\nIn collaboration with: Giovanni Chiarot, Matteo Carli<br> Supported by: Regione Friuli Venezia Giulia, Turismo FVG, Fondazione Friuli<\/p> Photo: Giovanni Chiarot \/Altrememorie 2025\r\n<!-- \/wp:html -->\n                    <div class=\"wdAccImgBox\">\n                        <img src=\"https:\/\/leserre.co\/wp-content\/uploads\/2025\/04\/GC_TORRE_2-3.jpg\">\n                    <\/div>\n                <\/div>\n            <\/div>\n        <\/div><script>\n        jQuery(\"#wdAccBtn4259\").click(function() {\n            if( jQuery(\"#wdAccSec4259\").hasClass(\"hide\") == true){\n                jQuery(\".wdAccSecGen\").addClass(\"hide\");\n                var wnds = jQuery(\"#wdAccBtn4259\").position();\n                var wnda = parseInt(wnds.top) - 25;\n                jQuery(\"html\").animate({ scrollTop: wnda }, \"slow\");\n            }\n            jQuery(\"#wdAccSec4259\").toggleClass(\"hide\");\n        });\n        <\/script><div class=\"tipology multimediaart creativedirection management\"><div class=\"rows rwbord\" id=\"wdAccBtn3687\">\n                <div class=\"cols colS-1 coltxtct sgrid-desk\">TRASDUZIONI 2<\/div>\n                <div class=\"cols colS-2 coltxtct sgrid-desk\">2024<\/div>\n                <div class=\"cols colS-3 coltxtct sgrid-desk lihe20px\">Multimedia Art, Creative Direction, Management<\/div>\n                <div class=\"cols col3-5 sgrid-mobi lihe22px\">\n                    <b>TRASDUZIONI 2<\/b><br>\n                    Publication year: <b>2024<\/b><br>\n                    Reference area: <b>Multimedia Art, Creative Direction, Management<\/b>\n                <\/div>\n            <\/div><div class=\"rows wdAccSecGen hide\" id=\"wdAccSec3687\">\n                <div class=\"cols col3-2 sgrid-desk\">\n                    <div class=\"wdAccImgBox\">\n                        <img src=\"https:\/\/leserre.co\/wp-content\/uploads\/2024\/10\/\u00a9pz_trasduzioni23WEB_003.jpg\" id=\"wdReMoImg3687\">\n                    <\/div>\n                <\/div>\n                <div class=\"cols col3-1 sgrid-desk\">\n                    <div class=\"wdReMoBox\" id=\"wdReMoBox3687\">\n                        <span id=\"wdReMoTxt3687\" class=\"lihe20px\">\r\n<p>The installation consists of a video projection and two purpose-built sensory platforms. The projected video goes simultaneously with the sound composition transmitted by the footpads and replays in textual form the images and suggestions that the same vibrations have aroused in two deaf people. By reading the projected texts, you can access a new perceptual level and prepare yourself for the experience you will have through the two sensory platforms. Once you choose the platform on which to place yourself, the moment you lie down you will enter an abstract narrative, letting yourself be guided by a composition made of electronic sounds and vibrations. To interpret, encode and imagine you will be able to go fishing within yourself, in your experiences or in your imagination. The experience you will have is the result of the encounter between deaf people and hearing people, who together have tried to inhabit an undefined and abstract space.<br>\r\n<br>\r\nInstallation produced by: Associazione Altrememorie<br>\r\nCreative direction: Giovanni Chiarot and Matteo Carli<br>\r\nSound composition: Antonio Della Marina<br>\r\nNarrative and sensory development: Fabio Zamparo and Erik Londero<br>\r\nAccessibility consulting: Associazione Culturale Fedora<br>\r\nCommunicative mediation: Elena Marra and Anna Chiara Carlet<br>\r\nVibrating platforms designed and produced by: Puntozero Cooperative Society<br>\r\nTechnical support: Valerio Bergnach, Tommaso Pascutti<br>\r\nWith the contribution of: Friuli-Venezia Giulia Region<br>\r\n<\/p>\r\n<\/span>\n                    <\/div>\n                <\/div>\n                <div class=\"cols col4-4 sgrid-mobi fontRem08 lihe20px\">\r\n<p>The installation consists of a video projection and two purpose-built sensory platforms. The projected video goes simultaneously with the sound composition transmitted by the footpads and replays in textual form the images and suggestions that the same vibrations have aroused in two deaf people. By reading the projected texts, you can access a new perceptual level and prepare yourself for the experience you will have through the two sensory platforms. Once you choose the platform on which to place yourself, the moment you lie down you will enter an abstract narrative, letting yourself be guided by a composition made of electronic sounds and vibrations. To interpret, encode and imagine you will be able to go fishing within yourself, in your experiences or in your imagination. The experience you will have is the result of the encounter between deaf people and hearing people, who together have tried to inhabit an undefined and abstract space.<br>\r\n<br>\r\nInstallation produced by: Associazione Altrememorie<br>\r\nCreative direction: Giovanni Chiarot and Matteo Carli<br>\r\nSound composition: Antonio Della Marina<br>\r\nNarrative and sensory development: Fabio Zamparo and Erik Londero<br>\r\nAccessibility consulting: Associazione Culturale Fedora<br>\r\nCommunicative mediation: Elena Marra and Anna Chiara Carlet<br>\r\nVibrating platforms designed and produced by: Puntozero Cooperative Society<br>\r\nTechnical support: Valerio Bergnach, Tommaso Pascutti<br>\r\nWith the contribution of: Friuli-Venezia Giulia Region<br>\r\n<\/p>\r\n\n                    <div class=\"wdAccImgBox\">\n                        <img src=\"https:\/\/leserre.co\/wp-content\/uploads\/2024\/10\/\u00a9pz_trasduzioni23WEB_003.jpg\">\n                    <\/div>\n                <\/div>\n            <\/div>\n        <\/div><script>\n        jQuery(\"#wdAccBtn3687\").click(function() {\n            if( jQuery(\"#wdAccSec3687\").hasClass(\"hide\") == true){\n                jQuery(\".wdAccSecGen\").addClass(\"hide\");\n                var wnds = jQuery(\"#wdAccBtn3687\").position();\n                var wnda = parseInt(wnds.top) - 25;\n                jQuery(\"html\").animate({ scrollTop: wnda }, \"slow\");\n            }\n            jQuery(\"#wdAccSec3687\").toggleClass(\"hide\");\n        });\n        <\/script><div class=\"tipology multimediaart community creativedirection workshops management\"><div class=\"rows rwbord\" id=\"wdAccBtn3689\">\n                <div class=\"cols colS-1 coltxtct sgrid-desk\">ALTREMEMORIE RESIDENZE 2024<\/div>\n                <div class=\"cols colS-2 coltxtct sgrid-desk\">2024<\/div>\n                <div class=\"cols colS-3 coltxtct sgrid-desk lihe20px\">Multimedia Art, Community, Creative Direction, Workshops, Management<\/div>\n                <div class=\"cols col3-5 sgrid-mobi lihe22px\">\n                    <b>ALTREMEMORIE RESIDENZE 2024<\/b><br>\n                    Publication year: <b>2024<\/b><br>\n                    Reference area: <b>Multimedia Art, Community, Creative Direction, Workshops, Management<\/b>\n                <\/div>\n            <\/div><div class=\"rows wdAccSecGen hide\" id=\"wdAccSec3689\">\n                <div class=\"cols col3-2 sgrid-desk\">\n                    <div class=\"wdAccImgBox\">\n                        <img src=\"https:\/\/leserre.co\/wp-content\/uploads\/2024\/09\/\u00a9pz_altrememorie23_010-copia-scaled.jpg\" id=\"wdReMoImg3689\">\n                    <\/div>\n                <\/div>\n                <div class=\"cols col3-1 sgrid-desk\">\n                    <div class=\"wdReMoBox\" id=\"wdReMoBox3689\">\n                        <span id=\"wdReMoTxt3689\" class=\"lihe20px\">\n<p>Federica Teti  <br>Campoformido, 16-22 dicembre 2023, Spazio Le Serre, 22 dicembre 2023, THE FAKE JOGGER. Un\u2019osservazione del paesaggio suburbano, muovendosi lungo i bordi e cercando programmaticamente nuovi modi di raccontare la realt\u00e0  <\/p>\n\n\n\n<p>Zeroidee, 1-20 dicembre, Spazio Le Serre, 22 dicembre 2023, TRASDUZIONI. Un percorso di ricerca artistica multimediale nato dalla relazione con persone sorde e dal desiderio di condividere insieme una forma di dialogo. <\/p>\n\n\n\n<p>Matteo Carli, 1 novembre-20 dicembre 2023, Mezzocorona &#8211; Udine, Spazio Le Serre, ESERCIZIO DI MEMORIA. La costruzione di un paesaggio immaginario e famigliare composto da memorie incerte, visioni e rimozioni.  <\/p>\n\n\n\n<p>Sandro Pivotti, 13 novembre-6 dicembre 2023, Monfalcone, Spazio Le Serre, 23 febbraio 2024. Br\u00e0ncolo. Prove di solitudine <\/p>\n\n\n\n<p>Icredible Bob, 1-7 aprile 2024, Tolmino, Slovenia  <\/p>\n\n\n\n<p>Flavio Pacino, 9-14 settembre 2024, Villalta di Fagagna, Cjase di Catine, Villalta di Fagagna, Damatr\u00e0 <br>CJASE. A cura di: Duepunti. Partendo dalla nuova edizione di Bestiario Immaginato di Damatr\u00e0, l\u2019artista lavora sulle parole \u201ctana\u201d e \u201crifugio\u201d attraverso materiali naturali e non solo. <\/p>\n<\/span>\n                    <\/div>\n                <\/div>\n                <div class=\"cols col4-4 sgrid-mobi fontRem08 lihe20px\">\n<p>Federica Teti  <br>Campoformido, 16-22 dicembre 2023, Spazio Le Serre, 22 dicembre 2023, THE FAKE JOGGER. Un\u2019osservazione del paesaggio suburbano, muovendosi lungo i bordi e cercando programmaticamente nuovi modi di raccontare la realt\u00e0  <\/p>\n\n\n\n<p>Zeroidee, 1-20 dicembre, Spazio Le Serre, 22 dicembre 2023, TRASDUZIONI. Un percorso di ricerca artistica multimediale nato dalla relazione con persone sorde e dal desiderio di condividere insieme una forma di dialogo. <\/p>\n\n\n\n<p>Matteo Carli, 1 novembre-20 dicembre 2023, Mezzocorona &#8211; Udine, Spazio Le Serre, ESERCIZIO DI MEMORIA. La costruzione di un paesaggio immaginario e famigliare composto da memorie incerte, visioni e rimozioni.  <\/p>\n\n\n\n<p>Sandro Pivotti, 13 novembre-6 dicembre 2023, Monfalcone, Spazio Le Serre, 23 febbraio 2024. Br\u00e0ncolo. Prove di solitudine <\/p>\n\n\n\n<p>Icredible Bob, 1-7 aprile 2024, Tolmino, Slovenia  <\/p>\n\n\n\n<p>Flavio Pacino, 9-14 settembre 2024, Villalta di Fagagna, Cjase di Catine, Villalta di Fagagna, Damatr\u00e0 <br>CJASE. A cura di: Duepunti. Partendo dalla nuova edizione di Bestiario Immaginato di Damatr\u00e0, l\u2019artista lavora sulle parole \u201ctana\u201d e \u201crifugio\u201d attraverso materiali naturali e non solo. <\/p>\n\n                    <div class=\"wdAccImgBox\">\n                        <img src=\"https:\/\/leserre.co\/wp-content\/uploads\/2024\/09\/\u00a9pz_altrememorie23_010-copia-scaled.jpg\">\n                    <\/div>\n                <\/div>\n            <\/div>\n        <\/div><script>\n        jQuery(\"#wdAccBtn3689\").click(function() {\n            if( jQuery(\"#wdAccSec3689\").hasClass(\"hide\") == true){\n                jQuery(\".wdAccSecGen\").addClass(\"hide\");\n                var wnds = jQuery(\"#wdAccBtn3689\").position();\n                var wnda = parseInt(wnds.top) - 25;\n                jQuery(\"html\").animate({ scrollTop: wnda }, \"slow\");\n            }\n            jQuery(\"#wdAccSec3689\").toggleClass(\"hide\");\n        });\n        <\/script><div class=\"tipology creativedirection workshops management\"><div class=\"rows rwbord\" id=\"wdAccBtn3632\">\n                <div class=\"cols colS-1 coltxtct sgrid-desk\">ALTREMEMORIE RESIDENZE 2023<\/div>\n                <div class=\"cols colS-2 coltxtct sgrid-desk\">2023<\/div>\n                <div class=\"cols colS-3 coltxtct sgrid-desk lihe20px\">Creative Direction, Workshops, Management<\/div>\n                <div class=\"cols col3-5 sgrid-mobi lihe22px\">\n                    <b>ALTREMEMORIE RESIDENZE 2023<\/b><br>\n                    Publication year: <b>2023<\/b><br>\n                    Reference area: <b>Creative Direction, Workshops, Management<\/b>\n                <\/div>\n            <\/div><div class=\"rows wdAccSecGen hide\" id=\"wdAccSec3632\">\n                <div class=\"cols col3-2 sgrid-desk\">\n                    <div class=\"wdAccImgBox\">\n                        <img src=\"https:\/\/leserre.co\/wp-content\/uploads\/2023\/08\/Dibants-2.jpg\" id=\"wdReMoImg3632\">\n                    <\/div>\n                <\/div>\n                <div class=\"cols col3-1 sgrid-desk\">\n                    <div class=\"wdReMoBox\" id=\"wdReMoBox3632\">\n                        <span id=\"wdReMoTxt3632\" class=\"lihe20px\">\n<p>Altrememorie \u00e8 un osservatorio sul paesaggio che promuove e ospita residenze ed esposizioni artistiche. Dal 2014, invita artisti a sviluppare una nuova narrazione e interpretazione del territorio attraverso i diversi linguaggi dell\u2019arte contemporanea. Le residenze cercano di avvicinare il pubblico ai processi creativi e di stimolare la conoscenza del proprio patrimonio territoriale, promuovendo un atteggiamento di curiosit\u00e0 e di interazione con il linguaggio artistico.<\/p>\n\nTrieste 25 Febbraio 31 Marzo, Gruppo Immagine, &#8220;Marco Cavallo, 50&#8230; e non li dimostra&#8221;. Un dialgo immaginario con Franco Basaglia in occasione dei 50 anni dalla dirompente uscita collettiva dal manicomio di Trieste. <\/p>\n\nLignano 10 Marzo, Wundertruppe e Voyageurs Immobiles, &#8220;Onde&#8221;. Un progetto che indaga e racconta il tema dell\u2019amicizia, accompagnato dal romanzo \u201cLe onde\u201d di Virginia Woolf. <\/p>\n\nCampoformido 23 Marzo, Marco Londero &#8220;Dibants&#8221;. Il rudere: elemento di disturbo o porta di un\u2019esplorazione intima e selvaggia? <\/p>\n\nRomanS d\u2019Isonzo 4-15 Aprile, Francesca Mione, &#8220;Incontro&#8221;. L\u2019incontro come spazio tracciato di una connessione fra luoghi, camminamenti, unioni e divisioni. Laboratorio per bambini e ragazzi. <\/p>\n\nRavascletto 15 Aprile, Simone Carraro, &#8220;Cjase&#8221;. Un vero e proprio archivio del paesaggio invisibile attraverso un\u2019attenta raccolta e catalogazione rielaborata in chiave simbolica dall\u2019occhio dell\u2019artista. <\/p>\n\nUn progetto di: Associazione Altrememorie\nCon il sostegno di: Regione Friuli-Venezia Giulia, Fondazione Friuli e Turismo FVG\n<\/span>\n                    <\/div>\n                <\/div>\n                <div class=\"cols col4-4 sgrid-mobi fontRem08 lihe20px\">\n<p>Altrememorie \u00e8 un osservatorio sul paesaggio che promuove e ospita residenze ed esposizioni artistiche. Dal 2014, invita artisti a sviluppare una nuova narrazione e interpretazione del territorio attraverso i diversi linguaggi dell\u2019arte contemporanea. Le residenze cercano di avvicinare il pubblico ai processi creativi e di stimolare la conoscenza del proprio patrimonio territoriale, promuovendo un atteggiamento di curiosit\u00e0 e di interazione con il linguaggio artistico.<\/p>\n\nTrieste 25 Febbraio 31 Marzo, Gruppo Immagine, &#8220;Marco Cavallo, 50&#8230; e non li dimostra&#8221;. Un dialgo immaginario con Franco Basaglia in occasione dei 50 anni dalla dirompente uscita collettiva dal manicomio di Trieste. <\/p>\n\nLignano 10 Marzo, Wundertruppe e Voyageurs Immobiles, &#8220;Onde&#8221;. Un progetto che indaga e racconta il tema dell\u2019amicizia, accompagnato dal romanzo \u201cLe onde\u201d di Virginia Woolf. <\/p>\n\nCampoformido 23 Marzo, Marco Londero &#8220;Dibants&#8221;. Il rudere: elemento di disturbo o porta di un\u2019esplorazione intima e selvaggia? <\/p>\n\nRomanS d\u2019Isonzo 4-15 Aprile, Francesca Mione, &#8220;Incontro&#8221;. L\u2019incontro come spazio tracciato di una connessione fra luoghi, camminamenti, unioni e divisioni. Laboratorio per bambini e ragazzi. <\/p>\n\nRavascletto 15 Aprile, Simone Carraro, &#8220;Cjase&#8221;. Un vero e proprio archivio del paesaggio invisibile attraverso un\u2019attenta raccolta e catalogazione rielaborata in chiave simbolica dall\u2019occhio dell\u2019artista. <\/p>\n\nUn progetto di: Associazione Altrememorie\nCon il sostegno di: Regione Friuli-Venezia Giulia, Fondazione Friuli e Turismo FVG\n\n                    <div class=\"wdAccImgBox\">\n                        <img src=\"https:\/\/leserre.co\/wp-content\/uploads\/2023\/08\/Dibants-2.jpg\">\n                    <\/div>\n                <\/div>\n            <\/div>\n        <\/div><script>\n        jQuery(\"#wdAccBtn3632\").click(function() {\n            if( jQuery(\"#wdAccSec3632\").hasClass(\"hide\") == true){\n                jQuery(\".wdAccSecGen\").addClass(\"hide\");\n                var wnds = jQuery(\"#wdAccBtn3632\").position();\n                var wnda = parseInt(wnds.top) - 25;\n                jQuery(\"html\").animate({ scrollTop: wnda }, \"slow\");\n            }\n            jQuery(\"#wdAccSec3632\").toggleClass(\"hide\");\n        });\n        <\/script><div class=\"tipology creativedirection workshops management\"><div class=\"rows rwbord\" id=\"wdAccBtn3626\">\n                <div class=\"cols colS-1 coltxtct sgrid-desk\">ALTREMEMORIE RESIDENZE 2022<\/div>\n                <div class=\"cols colS-2 coltxtct sgrid-desk\">2022<\/div>\n                <div class=\"cols colS-3 coltxtct sgrid-desk lihe20px\">Creative Direction, Workshops, Management<\/div>\n                <div class=\"cols col3-5 sgrid-mobi lihe22px\">\n                    <b>ALTREMEMORIE RESIDENZE 2022<\/b><br>\n                    Publication year: <b>2022<\/b><br>\n                    Reference area: <b>Creative Direction, Workshops, Management<\/b>\n                <\/div>\n            <\/div><div class=\"rows wdAccSecGen hide\" id=\"wdAccSec3626\">\n                <div class=\"cols col3-2 sgrid-desk\">\n                    <div class=\"wdAccImgBox\">\n                        <img src=\"https:\/\/leserre.co\/wp-content\/uploads\/2023\/08\/6B5D5581-1999-417D-9D95-998368CF6FE7-scaled.jpg\" id=\"wdReMoImg3626\">\n                    <\/div>\n                <\/div>\n                <div class=\"cols col3-1 sgrid-desk\">\n                    <div class=\"wdReMoBox\" id=\"wdReMoBox3626\">\n                        <span id=\"wdReMoTxt3626\" class=\"lihe20px\">\n<p>Altrememorie \u00e8 un osservatorio sul paesaggio che promuove e ospita residenze ed esposizioni artistiche. Dal 2014, invita artisti a sviluppare una nuova narrazione e interpretazione del territorio attraverso i diversi linguaggi dell\u2019arte contemporanea. Le residenze cercano di avvicinare il pubblico ai processi creativi e di stimolare la conoscenza del proprio patrimonio territoriale, promuovendo un atteggiamento di curiosit\u00e0 e di interazione con il linguaggio artistico.<\/p>\n\nEdizione 2022<br>\nSempas (Slovenia) 10-11 settembre 2021, Collettivo Artistico gli Impresari &#8211; BridA <\/p>\nTrieste 4 febbraio 2022, Libri, storie, disegni &#8211; Raffaella Bolaffio <\/p>\n\nCampoformido 22-28 febbraio, Genesi, Francesco Fidani &#8211; Zeroidee <\/p>\n\nAiello del Friuli 15 marzo-23 dicembre, Laboratorio e mostra, Virginia Mori &#8211; planTS <\/p>\n\nRavascletto 9-13 marzo, Cjase, Luigi Pullini &#8211; duepunti <\/p>\n\nValbruna 11-18 marzo, Riflessione sull\u2019esilio contemporaneo, Tommaso Sandri &#8211; Menti Libere <\/p>\n\nLignano 26 marzo 2022, Mostra collettiva Menti Libere, Collettivo Menti Libere <\/p>\n\nUn progetto di: Associazione Altrememorie\nCon il sostegno di: Regione Friuli-Venezia Giulia, Fondazione Friuli e Turismo FVG\n<\/span>\n                    <\/div>\n                <\/div>\n                <div class=\"cols col4-4 sgrid-mobi fontRem08 lihe20px\">\n<p>Altrememorie \u00e8 un osservatorio sul paesaggio che promuove e ospita residenze ed esposizioni artistiche. Dal 2014, invita artisti a sviluppare una nuova narrazione e interpretazione del territorio attraverso i diversi linguaggi dell\u2019arte contemporanea. Le residenze cercano di avvicinare il pubblico ai processi creativi e di stimolare la conoscenza del proprio patrimonio territoriale, promuovendo un atteggiamento di curiosit\u00e0 e di interazione con il linguaggio artistico.<\/p>\n\nEdizione 2022<br>\nSempas (Slovenia) 10-11 settembre 2021, Collettivo Artistico gli Impresari &#8211; BridA <\/p>\nTrieste 4 febbraio 2022, Libri, storie, disegni &#8211; Raffaella Bolaffio <\/p>\n\nCampoformido 22-28 febbraio, Genesi, Francesco Fidani &#8211; Zeroidee <\/p>\n\nAiello del Friuli 15 marzo-23 dicembre, Laboratorio e mostra, Virginia Mori &#8211; planTS <\/p>\n\nRavascletto 9-13 marzo, Cjase, Luigi Pullini &#8211; duepunti <\/p>\n\nValbruna 11-18 marzo, Riflessione sull\u2019esilio contemporaneo, Tommaso Sandri &#8211; Menti Libere <\/p>\n\nLignano 26 marzo 2022, Mostra collettiva Menti Libere, Collettivo Menti Libere <\/p>\n\nUn progetto di: Associazione Altrememorie\nCon il sostegno di: Regione Friuli-Venezia Giulia, Fondazione Friuli e Turismo FVG\n\n                    <div class=\"wdAccImgBox\">\n                        <img src=\"https:\/\/leserre.co\/wp-content\/uploads\/2023\/08\/6B5D5581-1999-417D-9D95-998368CF6FE7-scaled.jpg\">\n                    <\/div>\n                <\/div>\n            <\/div>\n        <\/div><script>\n        jQuery(\"#wdAccBtn3626\").click(function() {\n            if( jQuery(\"#wdAccSec3626\").hasClass(\"hide\") == true){\n                jQuery(\".wdAccSecGen\").addClass(\"hide\");\n                var wnds = jQuery(\"#wdAccBtn3626\").position();\n                var wnda = parseInt(wnds.top) - 25;\n                jQuery(\"html\").animate({ scrollTop: wnda }, \"slow\");\n            }\n            jQuery(\"#wdAccSec3626\").toggleClass(\"hide\");\n        });\n        <\/script><div class=\"tipology multimediaart community creativedirection workshops management\"><div class=\"rows rwbord\" id=\"wdAccBtn2578\">\n                <div class=\"cols colS-1 coltxtct sgrid-desk\">WALK THE LINE<\/div>\n                <div class=\"cols colS-2 coltxtct sgrid-desk\">2022-2025<\/div>\n                <div class=\"cols colS-3 coltxtct sgrid-desk lihe20px\">Multimedia Art, Community, Creative Direction, Workshops, Management<\/div>\n                <div class=\"cols col3-5 sgrid-mobi lihe22px\">\n                    <b>WALK THE LINE<\/b><br>\n                    Publication year: <b>2022-2025<\/b><br>\n                    Reference area: <b>Multimedia Art, Community, Creative Direction, Workshops, Management<\/b>\n                <\/div>\n            <\/div><div class=\"rows wdAccSecGen hide\" id=\"wdAccSec2578\">\n                <div class=\"cols col3-2 sgrid-desk\">\n                    <div class=\"wdAccImgBox\">\n                        <img src=\"https:\/\/leserre.co\/wp-content\/uploads\/2022\/12\/278A1604\u00a9pz_WTL-scaled.jpg\" id=\"wdReMoImg2578\">\n                    <\/div>\n                <\/div>\n                <div class=\"cols col3-1 sgrid-desk\">\n                    <div class=\"wdReMoBox\" id=\"wdReMoBox2578\">\n                        <span id=\"wdReMoTxt2578\" class=\"lihe20px\">\r\n<p>100 km of pathways, 14 authors from Italy, Slovenia and Austria, a new narrative of borderlands.<br>\r\nWalk the Line is an explorative-narrative project that aims to develop a collective tale of memories, stories and border landscapes.<br>\r\nWalking is conceived as a practice of knowledge, storytelling and sharing.<br>\r\nFrom day to day, a tale of the journey is created, interweaving memories, stories and landscapes enroute. A primary role is given to the students involved in the project, with the aim of setting up an international, mobile observatory.\r\n<\/p>\r\n\r\n\r\n\r\n<p>Project by: Associazione culturale Altrememorie.<br>\r\nIn collaboration with: BridA, R.o.R Festival, lnstitut f\u00fcr Kulturanalyse, Alpen-Adria-Universit\u00e4t Klagenfurt,\r\nQuarantasettezeroquattro, Wild Routes, Robida, In\u0161titut za slovensko kulturo \/ Institute for Slovenian Culture, Kulturno izobra\u017eevalno dru\u0161tvo PiNA, Zeroidee APS.<br>\r\nSupported by: Friuli Venezia Giulia Region.\r\n<\/p>\r\n\r\n\r\n\r\n<p><a href=\"https:\/\/walk-the-line.it\" data-type=\"URL\" data-id=\"https:\/\/walk-the-line.it\">VISIT THE WEBSITE<\/a><\/p>\r\n<\/span>\n                    <\/div>\n                <\/div>\n                <div class=\"cols col4-4 sgrid-mobi fontRem08 lihe20px\">\r\n<p>100 km of pathways, 14 authors from Italy, Slovenia and Austria, a new narrative of borderlands.<br>\r\nWalk the Line is an explorative-narrative project that aims to develop a collective tale of memories, stories and border landscapes.<br>\r\nWalking is conceived as a practice of knowledge, storytelling and sharing.<br>\r\nFrom day to day, a tale of the journey is created, interweaving memories, stories and landscapes enroute. A primary role is given to the students involved in the project, with the aim of setting up an international, mobile observatory.\r\n<\/p>\r\n\r\n\r\n\r\n<p>Project by: Associazione culturale Altrememorie.<br>\r\nIn collaboration with: BridA, R.o.R Festival, lnstitut f\u00fcr Kulturanalyse, Alpen-Adria-Universit\u00e4t Klagenfurt,\r\nQuarantasettezeroquattro, Wild Routes, Robida, In\u0161titut za slovensko kulturo \/ Institute for Slovenian Culture, Kulturno izobra\u017eevalno dru\u0161tvo PiNA, Zeroidee APS.<br>\r\nSupported by: Friuli Venezia Giulia Region.\r\n<\/p>\r\n\r\n\r\n\r\n<p><a href=\"https:\/\/walk-the-line.it\" data-type=\"URL\" data-id=\"https:\/\/walk-the-line.it\">VISIT THE WEBSITE<\/a><\/p>\r\n\n                    <div class=\"wdAccImgBox\">\n                        <img src=\"https:\/\/leserre.co\/wp-content\/uploads\/2022\/12\/278A1604\u00a9pz_WTL-scaled.jpg\">\n                    <\/div>\n                <\/div>\n            <\/div>\n        <\/div><script>\n        jQuery(\"#wdAccBtn2578\").click(function() {\n            if( jQuery(\"#wdAccSec2578\").hasClass(\"hide\") == true){\n                jQuery(\".wdAccSecGen\").addClass(\"hide\");\n                var wnds = jQuery(\"#wdAccBtn2578\").position();\n                var wnda = parseInt(wnds.top) - 25;\n                jQuery(\"html\").animate({ scrollTop: wnda }, \"slow\");\n            }\n            jQuery(\"#wdAccSec2578\").toggleClass(\"hide\");\n        });\n        <\/script><div class=\"tipology multimediaart creativedirection management\"><div class=\"rows rwbord\" id=\"wdAccBtn1871\">\n                <div class=\"cols colS-1 coltxtct sgrid-desk\">PTSD<\/div>\n                <div class=\"cols colS-2 coltxtct sgrid-desk\">2022<\/div>\n                <div class=\"cols colS-3 coltxtct sgrid-desk lihe20px\">Multimedia Art, Creative Direction, Management<\/div>\n                <div class=\"cols col3-5 sgrid-mobi lihe22px\">\n                    <b>PTSD<\/b><br>\n                    Publication year: <b>2022<\/b><br>\n                    Reference area: <b>Multimedia Art, Creative Direction, Management<\/b>\n                <\/div>\n            <\/div><div class=\"rows wdAccSecGen hide\" id=\"wdAccSec1871\">\n                <div class=\"cols col3-2 sgrid-desk\">\n                    <div class=\"wdAccImgBox\">\n                        <img src=\"https:\/\/leserre.co\/wp-content\/uploads\/2022\/11\/PTSD_ZEROIDEE.png\" id=\"wdReMoImg1871\">\n                    <\/div>\n                <\/div>\n                <div class=\"cols col3-1 sgrid-desk\">\n                    <div class=\"wdReMoBox\" id=\"wdReMoBox1871\">\n                        <span id=\"wdReMoTxt1871\" class=\"lihe20px\">\r\n<p>PTSD is a multimedia installation work that stems from a theoretical investigation into the subject of trauma and how the brain responds to a traumatic event. The investigation was translated into artistic terms through the construction of a unique physical, audio and visual space, consisting of 100 iron stands supporting 14 lamps and 8 speakers. A software-developed system randomly generates sound and light impulses, offering the public an abstract representation of the brain system and post-traumatic stress disorder. The installation&#8217;s sound and visual impulses evoke on the one hand the fragments left by the traumatic experience on the memory, and on the other the brain\u2019s constant attempt to build a new balance.<\/p>\r\n\r\n\r\n\r\n<p>Installation conceived and realised by: Zeroidee.<br>\r\nConcept and development: Giovanni Chiarot and Matteo Carli<br>\r\nArtistic support: Renato Rinaldi<br>\r\nProgramming and sound design: Mattia Piani<br>\r\nWooden structures: Simona Martino<br>\r\nMetal structures: Bruno Ribis<br>\r\nAssembly and wiring: Tiziano Zaramella<br>\r\nTechnical support: Soluzioni SRLS<br>\r\nNeuroscience advice: Cinzia Canderan, Franco Fabbro, Ilaria Guarracino, Luciana Palumbo.<br>\r\nProduced by: Associazione Altrememorie. <br>\r\nSupported by: Friuli Venezia Giulia Region.\r\n<\/p>\r\n\r\n\r\n\r\n<p>Find out more<a href=\"https:\/\/vimeo.com\/678670532\" data-type=\"URL\" data-id=\"https:\/\/vimeo.com\/678670532\" target=\"_blank\" rel=\"noreferrer noopener\">WATCH THE VIDEO<\/a><\/p>\r\n<\/span>\n                    <\/div>\n                <\/div>\n                <div class=\"cols col4-4 sgrid-mobi fontRem08 lihe20px\">\r\n<p>PTSD is a multimedia installation work that stems from a theoretical investigation into the subject of trauma and how the brain responds to a traumatic event. The investigation was translated into artistic terms through the construction of a unique physical, audio and visual space, consisting of 100 iron stands supporting 14 lamps and 8 speakers. A software-developed system randomly generates sound and light impulses, offering the public an abstract representation of the brain system and post-traumatic stress disorder. The installation&#8217;s sound and visual impulses evoke on the one hand the fragments left by the traumatic experience on the memory, and on the other the brain\u2019s constant attempt to build a new balance.<\/p>\r\n\r\n\r\n\r\n<p>Installation conceived and realised by: Zeroidee.<br>\r\nConcept and development: Giovanni Chiarot and Matteo Carli<br>\r\nArtistic support: Renato Rinaldi<br>\r\nProgramming and sound design: Mattia Piani<br>\r\nWooden structures: Simona Martino<br>\r\nMetal structures: Bruno Ribis<br>\r\nAssembly and wiring: Tiziano Zaramella<br>\r\nTechnical support: Soluzioni SRLS<br>\r\nNeuroscience advice: Cinzia Canderan, Franco Fabbro, Ilaria Guarracino, Luciana Palumbo.<br>\r\nProduced by: Associazione Altrememorie. <br>\r\nSupported by: Friuli Venezia Giulia Region.\r\n<\/p>\r\n\r\n\r\n\r\n<p>Find out more<a href=\"https:\/\/vimeo.com\/678670532\" data-type=\"URL\" data-id=\"https:\/\/vimeo.com\/678670532\" target=\"_blank\" rel=\"noreferrer noopener\">WATCH THE VIDEO<\/a><\/p>\r\n\n                    <div class=\"wdAccImgBox\">\n                        <img src=\"https:\/\/leserre.co\/wp-content\/uploads\/2022\/11\/PTSD_ZEROIDEE.png\">\n                    <\/div>\n                <\/div>\n            <\/div>\n        <\/div><script>\n        jQuery(\"#wdAccBtn1871\").click(function() {\n            if( jQuery(\"#wdAccSec1871\").hasClass(\"hide\") == true){\n                jQuery(\".wdAccSecGen\").addClass(\"hide\");\n                var wnds = jQuery(\"#wdAccBtn1871\").position();\n                var wnda = parseInt(wnds.top) - 25;\n                jQuery(\"html\").animate({ scrollTop: wnda }, \"slow\");\n            }\n            jQuery(\"#wdAccSec1871\").toggleClass(\"hide\");\n        });\n        <\/script><div class=\"tipology community creativedirection workshops management\"><div class=\"rows rwbord\" id=\"wdAccBtn1826\">\n                <div class=\"cols colS-1 coltxtct sgrid-desk\">PARCO DELL&#8217;ARTE<\/div>\n                <div class=\"cols colS-2 coltxtct sgrid-desk\">2014-2021<\/div>\n                <div class=\"cols colS-3 coltxtct sgrid-desk lihe20px\">Community, Creative Direction, Workshops, Management<\/div>\n                <div class=\"cols col3-5 sgrid-mobi lihe22px\">\n                    <b>PARCO DELL&#8217;ARTE<\/b><br>\n                    Publication year: <b>2014-2021<\/b><br>\n                    Reference area: <b>Community, Creative Direction, Workshops, Management<\/b>\n                <\/div>\n            <\/div><div class=\"rows wdAccSecGen hide\" id=\"wdAccSec1826\">\n                <div class=\"cols col3-2 sgrid-desk\">\n                    <div class=\"wdAccImgBox\">\n                        <img src=\"https:\/\/leserre.co\/wp-content\/uploads\/2022\/11\/beta15nov2022-altrememorie.jpeg\" id=\"wdReMoImg1826\">\n                    <\/div>\n                <\/div>\n                <div class=\"cols col3-1 sgrid-desk\">\n                    <div class=\"wdReMoBox\" id=\"wdReMoBox1826\">\n                        <span id=\"wdReMoTxt1826\" class=\"lihe20px\">\r\n<p>\u2018Il Parco dell&#8217;arte\u2019 (The Art Park) in the woods of Valsaisera (Friuli Venezia Giulia) was opened in 2014 at Prati di Oitzinger, with the special participation of artist Michelangelo Pistoletto. Over the years, we have invited international artists to enter into dialogue with nature and memories of the area, producing contemporary art installations in places where 100 years earlier young people from all over Europe were engaging in conflict. This experience may have been limited in time and space, but it opened up new perspectives and projects, transforming a physical place into a space for thought, a defined project into a permanent observatory on the landscape. It was the starting point for our artist residency projects.<\/p>\r\n\r\n\r\n\r\n<p>Il Parco dell&#8217;arte was created by: Associazione culturale Modo, Associazione Altrememorie.<br>\r\nIn collaboration with: Puntozero Cooperative, Associazione Zeroidee, Associazione Aghe di Poc, Associazione culturale Leggermente, Alpi Friulane, Friuli Storia e Territorio, Tree House, Amici di Valbruna and many others.<br>\r\nUnder the patronage of the Municipalities of Malborghetto-Valbruna and Tarvisio. <br>Supported by: Friuli Venezia Giulia Region.\r\n<\/p>\r\n\r\n\r\n\r\n<p><a href=\"https:\/\/vimeo.com\/185923314\" target=\"_blank\" rel=\"noreferrer noopener\">WATCH IL PARCO DELL&#8217;ARTE<\/a><\/p>\r\n<\/span>\n                    <\/div>\n                <\/div>\n                <div class=\"cols col4-4 sgrid-mobi fontRem08 lihe20px\">\r\n<p>\u2018Il Parco dell&#8217;arte\u2019 (The Art Park) in the woods of Valsaisera (Friuli Venezia Giulia) was opened in 2014 at Prati di Oitzinger, with the special participation of artist Michelangelo Pistoletto. Over the years, we have invited international artists to enter into dialogue with nature and memories of the area, producing contemporary art installations in places where 100 years earlier young people from all over Europe were engaging in conflict. This experience may have been limited in time and space, but it opened up new perspectives and projects, transforming a physical place into a space for thought, a defined project into a permanent observatory on the landscape. It was the starting point for our artist residency projects.<\/p>\r\n\r\n\r\n\r\n<p>Il Parco dell&#8217;arte was created by: Associazione culturale Modo, Associazione Altrememorie.<br>\r\nIn collaboration with: Puntozero Cooperative, Associazione Zeroidee, Associazione Aghe di Poc, Associazione culturale Leggermente, Alpi Friulane, Friuli Storia e Territorio, Tree House, Amici di Valbruna and many others.<br>\r\nUnder the patronage of the Municipalities of Malborghetto-Valbruna and Tarvisio. <br>Supported by: Friuli Venezia Giulia Region.\r\n<\/p>\r\n\r\n\r\n\r\n<p><a href=\"https:\/\/vimeo.com\/185923314\" target=\"_blank\" rel=\"noreferrer noopener\">WATCH IL PARCO DELL&#8217;ARTE<\/a><\/p>\r\n\n                    <div class=\"wdAccImgBox\">\n                        <img src=\"https:\/\/leserre.co\/wp-content\/uploads\/2022\/11\/beta15nov2022-altrememorie.jpeg\">\n                    <\/div>\n                <\/div>\n            <\/div>\n        <\/div><script>\n        jQuery(\"#wdAccBtn1826\").click(function() {\n            if( jQuery(\"#wdAccSec1826\").hasClass(\"hide\") == true){\n                jQuery(\".wdAccSecGen\").addClass(\"hide\");\n                var wnds = jQuery(\"#wdAccBtn1826\").position();\n                var wnda = parseInt(wnds.top) - 25;\n                jQuery(\"html\").animate({ scrollTop: wnda }, \"slow\");\n            }\n            jQuery(\"#wdAccSec1826\").toggleClass(\"hide\");\n        });\n        <\/script><div class=\"rows rwbord hide\" id=\"wdTableNothing\">\n        <div class=\"cols col4-4\">No projects found.<\/div>\n    <\/div><script>\n        function MifuneCheckEventsCount(){\n            var ntid = jQuery(\".webdev-grid .tipology:visible\").length;\n            jQuery(\"#wdTableNothing\").addClass(\"hide\");\n            if(ntid == 0){ jQuery(\"#wdTableNothing\").removeClass(\"hide\"); }\n        } <\/script><script>\n        function MifuneFilterTipology(suos){ \n            if(suos == \"mifunetipology\"){\n                suos_def = \".\" + (mifune_tipology_def.replaceAll(\" \",\", .\"));\n                suos_def = suos_def.replaceAll(\"-\",\"\");\n                jQuery(\".webdev-grid .tipology\").hide().filter(suos_def).show();\n                MifuneCheckEventsCount();\n            } else {\n                suos = \".\" + (suos.replaceAll(\" \",\", .\"));\n                suos = suos.replaceAll(\"-\",\"\");\n                \/* console.log(suos); *\/\n                jQuery(\".webdev-grid .tipology\").hide().filter(\"\"+suos+\"\").show();\n                MifuneCheckEventsCount();\n            }\n        } MifuneFilterTipology(mifune_tipology);\n    <\/script><\/div>\n<\/p><\/div>\n<div>\n<div class=\"webdev-societys-flybox\">\n\t    <img src=\"\/wp-content\/themes\/webdev-theme\/websvg\/webshcode-societys-desktop-mag.svg\" class=\"wdsfi-desktop\">\n\t    <!-- <img src=\"\/wp-content\/themes\/webdev-theme\/websvg\/webshcode-societys-desktop.svg\" class=\"wdsfi-desktop\"> -->\n\t    <img src=\"\/wp-content\/themes\/webdev-theme\/websvg\/webshcode-societys-tablet-mag.svg\" class=\"wdsfi-tablet\">\n\t    <!-- <img src=\"\/wp-content\/themes\/webdev-theme\/websvg\/webshcode-societys-tablet.svg\" class=\"wdsfi-tablet\"> -->\n\t    <img src=\"\/wp-content\/themes\/webdev-theme\/websvg\/webshcode-societys-mobile-mag.svg\" class=\"wdsfi-mobile\">\n\t    <!-- <img src=\"\/wp-content\/themes\/webdev-theme\/websvg\/webshcode-societys-mobile.svg\" class=\"wdsfi-mobile\"> -->\n\t    <a href=\"https:\/\/zeroidee.it\/\" class=\"wdsfi-conn wdsfi-one\"><!-- zeroidee --><\/a>\n\t    <a href=\"http:\/\/cooperativapuntozero.it\/\" class=\"wdsfi-conn wdsfi-two\"><!-- puntozero --><\/a>\n\t    <a href=\"https:\/\/altrememorie.it\/\" class=\"wdsfi-conn wdsfi-three\"><!-- altrememorie --><\/a>\n\t    <a href=\"https:\/\/soluzionilab.it\/\" class=\"wdsfi-conn wdsfi-four\"><!-- soluzioni --><\/a>\n\t<\/div><\/div>\n<div>\n<p style=\"margin:0;padding:0;line-height:17px;letter-spacing:-0.2;font-size:13px;\">Associazione culturale Altrememorie<br \/>C.F. 94109750300<\/p>\n<\/div>\n<div>\n<p style=\"margin:0;padding:0;line-height:17px;letter-spacing:-0.2;font-size:13px;\">Sede legale Via Buia 22,<br \/>33100 Udine<\/p>\n<\/div>\n<div>\n<p style=\"margin:0;padding:0;line-height:17px;letter-spacing:-0.2;font-size:13px;\">info@altrememorie.it<br \/>amministrazione@altrememorie.it<\/p>\n<\/div>\n<div>\n<p>    <!-- TRASPARENZA ### BUTTON --><\/p>\n<p style=\"margin: 0; padding: 0; line-height: 17px; letter-spacing: -0.2; font-size: 13px;\"><a href=\"#t\" style=\"color: #000;\" id=\"webdev-trasparency-button\">Trasparenza<\/a><\/p>\n<p><!-- TRASPARENZA ### MODALS --><\/p>\n<div id=\"webdev-trasparency-modal\" class=\"wdtms-altrememorie d-none\">\n<h4>Trasparenza<\/h4>\n<div><!--Le informazioni relative alla trasparenza di <b>Altrememorie<\/b> non sono disponibili in questo momento.<br \/>--><a href=\"https:\/\/leserre.co\/wp-content\/uploads\/2024\/08\/AM-Trasparenza2023.pdf\" target=\"_blank\">>> Altrememorie &#8211; Trasparenza 2023<\/a><br \/>\n\t<a href=\"#t\" id=\"webdev-trasparency-close\" class=\"close\">Chiudi<\/a><\/div>\n<\/div>\n<p><!-- TRASPARENZA ### SCRIPTS --><br \/>\n<script>\njQuery('#webdev-trasparency-button').click(function(){ jQuery('#webdev-trasparency-modal').toggleClass('d-none'); });\njQuery('#webdev-trasparency-close').click(function(){ jQuery('#webdev-trasparency-modal').toggleClass('d-none'); });\n<\/script>\n<\/div>\n<p><!--more--><br \/>\n<!-- {\"name\":\"L(zeroidee)S \\\/\\\/\\\/ 23 Agosto 2022 SingleProject\",\"type\":\"layout\",\"children\":[{\"type\":\"section\",\"props\":{\"style\":\"default\",\"width\":\"expand\",\"vertical_align\":\"middle\",\"title_position\":\"top-left\",\"title_rotation\":\"left\",\"title_breakpoint\":\"xl\",\"image_position\":\"center-center\",\"padding\":\"xsmall\",\"class\":\"bgE4CFC6\"},\"children\":[{\"type\":\"row\",\"children\":[{\"type\":\"column\",\"props\":{\"position_sticky_breakpoint\":\"m\",\"image_position\":\"center-center\",\"media_overlay_gradient\":\"\"},\"children\":[{\"type\":\"image\",\"props\":{\"margin\":\"default\",\"image_svg_color\":\"emphasis\",\"image\":\"wp-content\\\/uploads\\\/2022\\\/12\\\/SVG191222-Altrememorie.svg\",\"class\":\"chiSiamoCustomSVGSingleTitle\"}}]}],\"props\":{\"class\":\"\"}}],\"name\":\"TITOLO PRINCIPALE\"},{\"type\":\"section\",\"props\":{\"style\":\"default\",\"width\":\"expand\",\"vertical_align\":\"middle\",\"title_position\":\"top-left\",\"title_rotation\":\"left\",\"title_breakpoint\":\"xl\",\"image_position\":\"center-center\",\"class\":\"bg252525 pt10px pb10px\",\"padding\":\"small\"},\"children\":[{\"type\":\"row\",\"children\":[{\"type\":\"column\",\"props\":{\"position_sticky_breakpoint\":\"m\",\"image_position\":\"center-center\",\"media_overlay_gradient\":\"\"},\"children\":[{\"type\":\"headline\",\"props\":{\"title_element\":\"h1\",\"content\":\"\n\n<p style=\\\"font-weight: 400;line-height:45px;letter-spacing:-1px;margin:0;padding:0;\\\">Altrememorie \\u00e8 un\\u2019associazione culturale che promuove e ospita residenze ed esposizioni artistiche. Sviluppa una nuova narrazione e interpretazione del territorio, attraverso i diversi linguaggi dell\\u2019arte contemporanea.<\\\/p>\",\"margin\":\"remove-vertical\",\"class\":\"colE4CFC6 fontWe500\",\"content_en_us\":\"Le(Serre is a container, lorem ipsum.<br \/>\\nThey are Zeroidee, puntoZero, Altrememorie and Soluzioni.\",\"visibility\":\"s\",\"content_en_gb\":\"\n\n<p style=\\\"font-weight: 400;line-height:45px;letter-spacing:-1px;margin:0;padding:0;\\\">Altrememorie is a cultural organisation that promotes and hosts artist residencies and exhibitions. The project develops a new narrative and interpretation of localities, through different forms of contemporary art.<\\\/p>\"}},{\"type\":\"headline\",\"props\":{\"title_element\":\"h3\",\"content\":\"\n\n<p style=\\\"font-weight: 400;line-height:35px;letter-spacing:-1px;margin:0;padding:0;\\\">Altrememorie \\u00e8 un\\u2019associazione culturale che promuove e ospita residenze ed esposizioni artistiche. Sviluppa una nuova narrazione e interpretazione del territorio, attraverso i diversi linguaggi dell\\u2019arte contemporanea.<\\\/p>\",\"margin\":\"remove-vertical\",\"class\":\"colE4CFC6 fontWe500\",\"content_en_us\":\"Le(Serre is a container, lorem ipsum.<br \/>\\nThey are Zeroidee, puntoZero, Altrememorie and Soluzioni.\",\"visibility\":\"hidden-s\",\"content_en_gb\":\"\n\n<p style=\\\"font-weight: 400;line-height:35px;letter-spacing:-1px;margin:0;padding:0;\\\">Altrememorie is a cultural organisation that promotes and hosts artist residencies and exhibitions. The project develops a new narrative and interpretation of localities, through different forms of contemporary art.<\\\/p>\"}}]}]}],\"name\":\"DESCRIZIONE\"},{\"type\":\"section\",\"props\":{\"style\":\"default\",\"width\":\"\",\"vertical_align\":\"middle\",\"title_position\":\"top-left\",\"title_rotation\":\"left\",\"title_breakpoint\":\"xl\",\"image_position\":\"center-center\",\"padding\":\"none\"},\"children\":[{\"type\":\"row\",\"children\":[{\"type\":\"column\",\"props\":{\"position_sticky_breakpoint\":\"m\",\"image_position\":\"center-center\",\"media_overlay_gradient\":\"\"},\"children\":[{\"type\":\"image\",\"props\":{\"margin\":\"default\",\"image_svg_color\":\"emphasis\",\"class\":\"wp100\",\"image\":\"wp-content\\\/uploads\\\/2024\\\/09\\\/banner-altrememorie.jpg\"}}]}]}],\"name\":\"BANNER IMMAGINE\"},{\"type\":\"section\",\"props\":{\"style\":\"default\",\"width\":\"expand\",\"vertical_align\":\"middle\",\"title_position\":\"top-left\",\"title_rotation\":\"left\",\"title_breakpoint\":\"xl\",\"image_position\":\"center-center\",\"class\":\"bgE4CFC6 pt10px pb50px\",\"padding\":\"small\"},\"children\":[{\"type\":\"row\",\"children\":[{\"type\":\"column\",\"props\":{\"position_sticky_breakpoint\":\"m\",\"image_position\":\"center-center\",\"media_overlay_gradient\":\"\"},\"children\":[{\"type\":\"headline\",\"props\":{\"title_element\":\"h2\",\"content\":\"Progetti\",\"margin\":\"medium\",\"class\":\"fontWe500\",\"content_en_us\":\"Le(Serre is a container, lorem ipsum.<br \/>\\nThey are Zeroidee, puntoZero, Altrememorie and Soluzioni.\",\"margin_remove_top\":true,\"visibility\":\"s\",\"content_en_gb\":\"Projects\"}},{\"type\":\"headline\",\"props\":{\"title_element\":\"h3\",\"content\":\"Progetti\",\"margin\":\"medium\",\"class\":\"fontWe500\",\"content_en_us\":\"Le(Serre is a container, lorem ipsum.<br \/>\\nThey are Zeroidee, puntoZero, Altrememorie and Soluzioni.\",\"margin_remove_top\":true,\"visibility\":\"hidden-s\",\"content_en_gb\":\"Projects\"},\"name\":\"mobile archprogetti\"},{\"type\":\"html\",\"props\":{\"content\":\"[mifune_filter_tipology]\\n[mifune_filter_articles oty=\\\"15\\\"]\",\"class\":\"\"}}]}]}],\"name\":\"GRIGLIA PROGETTI\"},{\"type\":\"section\",\"props\":{\"style\":\"default\",\"width\":\"expand\",\"vertical_align\":\"middle\",\"title_position\":\"top-left\",\"title_rotation\":\"left\",\"title_breakpoint\":\"xl\",\"image_position\":\"center-center\",\"class\":\"pt10px pb10px\",\"padding\":\"small\",\"padding_remove_top\":false},\"children\":[{\"type\":\"row\",\"children\":[{\"type\":\"column\",\"props\":{\"position_sticky_breakpoint\":\"m\",\"image_position\":\"center-center\",\"media_overlay_gradient\":\"\"},\"children\":[{\"type\":\"html\",\"props\":{\"content\":\"[webdev_fouralign_title]\",\"class\":\"chiSiamoSocietyList\"}}]}]}],\"name\":\"vai ai progetti test 24agosto22\"},{\"type\":\"section\",\"props\":{\"style\":\"default\",\"width\":\"expand\",\"vertical_align\":\"middle\",\"title_position\":\"top-left\",\"title_rotation\":\"left\",\"title_breakpoint\":\"xl\",\"image_position\":\"center-center\",\"class\":\"bgB57F4E col000000 ptReset pbReset\"},\"children\":[{\"type\":\"row\",\"props\":{\"layout\":\"1-5,1-5,1-5,1-5,1-5|1-2,1-2,1-3,1-3,1-3\",\"row_gap\":\"collapse\",\"column_gap\":\"collapse\",\"margin\":\"remove-vertical\",\"class\":\"col000000 pt10px pb10px\"},\"children\":[{\"type\":\"column\",\"props\":{\"position_sticky_breakpoint\":\"m\",\"image_position\":\"center-center\",\"media_overlay_gradient\":\"\",\"width_medium\":\"1-5\",\"width_small\":\"1-2\",\"class\":\"mtReset mbReset ptReset pbReset cls20pc \"},\"children\":[{\"type\":\"text\",\"props\":{\"margin\":\"remove-vertical\",\"column_breakpoint\":\"m\",\"content\":\"\n\n<p style=\\\"margin:0;padding:0;line-height:17px;letter-spacing:-0.2;font-size:13px;\\\">Associazione culturale Altrememorie<br \/>C.F. 94109750300<\\\/p>\",\"class\":\"\",\"content_en_gb\":\"\n\n<p style=\\\"margin:0;padding:0;line-height:17px;letter-spacing:-0.2;font-size:13px;\\\">Associazione culturale Altrememorie<br \/>Tax code: 94109750300<\\\/p>\"}}]},{\"type\":\"column\",\"props\":{\"position_sticky_breakpoint\":\"m\",\"image_position\":\"center-center\",\"media_overlay_gradient\":\"\",\"width_medium\":\"1-5\",\"width_small\":\"1-2\",\"class\":\"mtReset mbReset ptReset pbReset cls25pc clsPTmob\"},\"children\":[{\"type\":\"text\",\"props\":{\"margin\":\"remove-vertical\",\"column_breakpoint\":\"m\",\"content\":\"\n\n<p style=\\\"margin:0;padding:0;line-height:17px;letter-spacing:-0.2;font-size:13px;\\\">Sede legale Via Buia 22,<br \/>33100 Udine<\\\/p>\",\"class\":\"\",\"content_en_gb\":\"\n\n<p style=\\\"margin: 0; padding: 0; line-height: 17px; letter-spacing: -0.2; font-size: 13px;\\\">Registered office: Via Buia 22, <br \\\/>33100 Udine<\\\/p>\"}}]},{\"type\":\"column\",\"props\":{\"position_sticky_breakpoint\":\"m\",\"image_position\":\"center-center\",\"media_overlay_gradient\":\"\",\"width_medium\":\"1-5\",\"width_small\":\"1-2\",\"class\":\"mtReset mbReset ptReset pbReset clsPTtab\"},\"children\":[{\"type\":\"text\",\"props\":{\"margin\":\"default\",\"column_breakpoint\":\"m\",\"content\":\"\n\n<p style=\\\"margin:0;padding:0;line-height:17px;letter-spacing:-0.2;font-size:13px;\\\">info@altrememorie.it<br \/>amministrazione@altrememorie.it<\\\/p>\"}}]},{\"type\":\"column\",\"props\":{\"position_sticky_breakpoint\":\"m\",\"image_position\":\"center-center\",\"media_overlay_gradient\":\"\",\"width_medium\":\"1-5\",\"width_small\":\"1-2\",\"class\":\"mtReset mbReset ptReset pbReset cls10pc clsPTtab\"},\"children\":[{\"type\":\"html\",\"props\":{\"content\":\"<!-- TRASPARENZA ### BUTTON -->\\n<\/p>\n<p style=\\\"margin: 0; padding: 0; line-height: 17px; letter-spacing: -0.2; font-size: 13px;\\\"><a href=\\\"#t\\\" style=\\\"color: #000;\\\" id=\\\"webdev-trasparency-button\\\">Trasparenza<\\\/a><\\\/p>\\n<!-- TRASPARENZA ### MODALS -->\\n<\/p>\n<div id=\\\"webdev-trasparency-modal\\\" class=\\\"wdtms-altrememorie d-none\\\">\\n    <\/p>\n<h4>Trasparenza<\\\/h4>\\n    <\/p>\n<div><!--Le informazioni relative alla trasparenza di <b>Altrememorie<\\\/b> non sono disponibili in questo momento.<br \/>--><a href=\\\"https:\\\/\\\/leserre.co\\\/wp-content\\\/uploads\\\/2024\\\/08\\\/AM-Trasparenza2023.pdf\\\" target=\\\"_blank\\\">>> Altrememorie &#8211; Trasparenza 2023<\\\/a>\\n\\t<a href=\\\"#t\\\" id=\\\"webdev-trasparency-close\\\" class=\\\"close\\\">Chiudi<\\\/a><\\\/div>\\n<\\\/div>\\n<!-- TRASPARENZA ### SCRIPTS -->\\n<script>\\njQuery('#webdev-trasparency-button').click(function(){ jQuery('#webdev-trasparency-modal').toggleClass('d-none'); });\\njQuery('#webdev-trasparency-close').click(function(){ jQuery('#webdev-trasparency-modal').toggleClass('d-none'); });\\n<\\\/script>\"},\"name\":\"Webdev Modals \\\"Trasparenza\\\" by Alex Duca\"}]},{\"type\":\"column\",\"props\":{\"position_sticky_breakpoint\":\"m\",\"image_position\":\"center-center\",\"media_overlay_gradient\":\"\",\"width_medium\":\"1-5\",\"width_small\":\"1-2\",\"class\":\"mtReset mbReset ptReset pbReset cls10pc\"},\"children\":[]}]}],\"name\":\"MINI-WEBSITES FOOTER 222\"}],\"version\":\"2.7.21\"} --><\/p>\n","protected":false},"excerpt":{"rendered":"<p>\u2018Il Parco dell&#8217;arte\u2019 (The Art Park) in the woods of Valsaisera (Friuli Venezia Giulia) was opened in 2014 at Prati di Oitzinger, with the special participation of artist Michelangelo Pistoletto. Over the years, we have invited international artists to enter into dialogue with nature and memories of the area, producing contemporary art installations in places [&hellip;]<\/p>\n","protected":false},"author":1,"featured_media":0,"parent":0,"menu_order":0,"comment_status":"closed","ping_status":"closed","template":"","meta":[],"acf":[],"_links":{"self":[{"href":"https:\/\/leserre.co\/wp-json\/wp\/v2\/pages\/1763"}],"collection":[{"href":"https:\/\/leserre.co\/wp-json\/wp\/v2\/pages"}],"about":[{"href":"https:\/\/leserre.co\/wp-json\/wp\/v2\/types\/page"}],"author":[{"embeddable":true,"href":"https:\/\/leserre.co\/wp-json\/wp\/v2\/users\/1"}],"replies":[{"embeddable":true,"href":"https:\/\/leserre.co\/wp-json\/wp\/v2\/comments?post=1763"}],"version-history":[{"count":62,"href":"https:\/\/leserre.co\/wp-json\/wp\/v2\/pages\/1763\/revisions"}],"predecessor-version":[{"id":3970,"href":"https:\/\/leserre.co\/wp-json\/wp\/v2\/pages\/1763\/revisions\/3970"}],"wp:attachment":[{"href":"https:\/\/leserre.co\/wp-json\/wp\/v2\/media?parent=1763"}],"curies":[{"name":"wp","href":"https:\/\/api.w.org\/{rel}","templated":true}]}}