{"id":5011,"date":"2025-12-05T20:34:06","date_gmt":"2025-12-05T18:34:06","guid":{"rendered":"https:\/\/leserre.co\/it\/?page_id=5011"},"modified":"2026-01-22T21:05:22","modified_gmt":"2026-01-22T19:05:22","slug":"archivio-eventi","status":"publish","type":"page","link":"https:\/\/leserre.co\/archivio-eventi\/","title":{"rendered":"Archivio eventi"},"content":{"rendered":"<h2><a href=\"\/calendario-eventi\/\"><img loading=\"lazy\" style=\"margin-bottom: 5px;\" class=\"uk-visible@m\" src=\"https:\/\/leserre.co\/wp-content\/uploads\/2025\/05\/arrow2.png\" alt=\"\" width=\"40\" height=\"27\" \/><img loading=\"lazy\" style=\"margin-bottom: 5px;\" class=\"uk-hidden@m\" src=\"https:\/\/leserre.co\/wp-content\/uploads\/2025\/05\/arrow2.png\" alt=\"\" width=\"27\" height=\"27\" \/> Torna al Calendario eventi<\/a><\/h2>\n<div>\n<div class=\"eventi-cpt-wrapper eventi-archiviati\"><div class=\"uk-margin-bottom uk-text-bold\"><span class=\"titolo-filtro-luogo\">Eventi archiviati:<\/span><br><label class=\"selettore-luogo\"><input class=\"uk-radio\" type=\"radio\" name=\"filtro-luogo-arch\" value=\"tutti\" checked> Tutti<\/label> <label class=\"selettore-luogo\"><input class=\"uk-radio\" type=\"radio\" name=\"filtro-luogo-arch\" value=\"leserre\"> Le(Serre<\/label> <label class=\"selettore-luogo\"><input class=\"uk-radio\" type=\"radio\" name=\"filtro-luogo-arch\" value=\"in-giro\"> In Giro<\/label> <\/div><script>\n        document.addEventListener(\"DOMContentLoaded\", function() {\n          var root = document.querySelector(\".eventi-cpt-wrapper.eventi-archiviati\");\n          if(!root) return;\n          root.querySelectorAll(\"input[name='filtro-luogo-arch']\").forEach(function(radio) {\n            radio.addEventListener(\"change\", function() {\n              var val = this.value;\n              root.querySelectorAll(\"table[data-luogo]\").forEach(function(tbl) {\n                tbl.style.display = (val === \"tutti\" || tbl.dataset.luogo === val) ? \"table\" : \"none\";\n              });\n            });\n          });\n        });\n        <\/script><div class='uk-margin-large-top evento-mese-wrapper' data-luoghi='leserre'><h3 class='titolo-mese-eventi'>Aprile 2026<\/h3><table class='uk-table uk-table-divider' data-luogo='leserre'><tr><td class=\"titolo-singolo-evento\"><a href=\"https:\/\/leserre.co\/%eventi-slug%\/iscrizioni-centro-estivo\/\" class=\"uk-text-bold col252525\">Iscrizioni laboratorio estivo Germogli<\/a><\/td><td class=\"data-singolo-evento\"><a href=\"https:\/\/leserre.co\/%eventi-slug%\/iscrizioni-centro-estivo\/\" class=\"col252525\">20.04.2026<\/a><\/td><td class=\"tipo-singolo-evento\"><a href=\"https:\/\/leserre.co\/%eventi-slug%\/iscrizioni-centro-estivo\/\" class=\"col252525\">Laboratorio 8\u201311 anni<\/a><\/td><td class=\"luogo-singolo-evento\"><a href=\"https:\/\/leserre.co\/%eventi-slug%\/iscrizioni-centro-estivo\/\" class=\"col252525\">Le(Serre<\/a><\/td><\/tr><\/tbody><\/table><\/div><div class='uk-margin-large-top evento-mese-wrapper' data-luoghi='leserre in-giro'><h3 class='titolo-mese-eventi'>Marzo 2026<\/h3><table class='uk-table uk-table-divider' data-luogo='leserre'><tr><td class=\"titolo-singolo-evento\"><a href=\"https:\/\/leserre.co\/%eventi-slug%\/cristina-materassi-in-residenza\/\" class=\"uk-text-bold col252525\">Cristina Materassi in residenza<\/a><\/td><td class=\"data-singolo-evento\"><a href=\"https:\/\/leserre.co\/%eventi-slug%\/cristina-materassi-in-residenza\/\" class=\"col252525\">29.03.2026<\/a><\/td><td class=\"tipo-singolo-evento\"><a href=\"https:\/\/leserre.co\/%eventi-slug%\/cristina-materassi-in-residenza\/\" class=\"col252525\">Presentazione fine residenza<\/a><\/td><td class=\"luogo-singolo-evento\"><a href=\"https:\/\/leserre.co\/%eventi-slug%\/cristina-materassi-in-residenza\/\" class=\"col252525\">Le(Serre<\/a><\/td><\/tr><\/tbody><\/table><table class='uk-table uk-table-divider' data-luogo='leserre'><tr><td class=\"titolo-singolo-evento\"><a href=\"https:\/\/leserre.co\/%eventi-slug%\/strumenti-digitali-per-progetti-culturali\/\" class=\"uk-text-bold col252525\">Strumenti digitali per progetti culturali<\/a><\/td><td class=\"data-singolo-evento\"><a href=\"https:\/\/leserre.co\/%eventi-slug%\/strumenti-digitali-per-progetti-culturali\/\" class=\"col252525\">26\u201428.03.2026<\/a><\/td><td class=\"tipo-singolo-evento\"><a href=\"https:\/\/leserre.co\/%eventi-slug%\/strumenti-digitali-per-progetti-culturali\/\" class=\"col252525\">Fondazione Fitzcarraldo<\/a><\/td><td class=\"luogo-singolo-evento\"><a href=\"https:\/\/leserre.co\/%eventi-slug%\/strumenti-digitali-per-progetti-culturali\/\" class=\"col252525\">Le(Serre<\/a><\/td><\/tr><\/tbody><\/table><table class='uk-table uk-table-divider' data-luogo='leserre'><tr><td class=\"titolo-singolo-evento\"><a href=\"https:\/\/leserre.co\/%eventi-slug%\/propagation-janez-groselj\/\" class=\"uk-text-bold col252525\">Propagation\u2014Janez Gro\u0161elj<\/a><\/td><td class=\"data-singolo-evento\"><a href=\"https:\/\/leserre.co\/%eventi-slug%\/propagation-janez-groselj\/\" class=\"col252525\">26.03.2026<\/a><\/td><td class=\"tipo-singolo-evento\"><a href=\"https:\/\/leserre.co\/%eventi-slug%\/propagation-janez-groselj\/\" class=\"col252525\">Presentazione fine residenza<\/a><\/td><td class=\"luogo-singolo-evento\"><a href=\"https:\/\/leserre.co\/%eventi-slug%\/propagation-janez-groselj\/\" class=\"col252525\">Le(Serre<\/a><\/td><\/tr><\/tbody><\/table><table class='uk-table uk-table-divider' data-luogo='in-giro'><tr><td class=\"titolo-singolo-evento\"><a href=\"https:\/\/leserre.co\/%eventi-slug%\/modozero-antonio-della-marina\/\" class=\"uk-text-bold col252525\">Modo Zero\u2014Di Antonio\u00a0Della Marina<\/a><\/td><td class=\"data-singolo-evento\"><a href=\"https:\/\/leserre.co\/%eventi-slug%\/modozero-antonio-della-marina\/\" class=\"col252525\">22.03.2026<\/a><\/td><td class=\"tipo-singolo-evento\"><a href=\"https:\/\/leserre.co\/%eventi-slug%\/modozero-antonio-della-marina\/\" class=\"col252525\">Performance partecipata<\/a><\/td><td class=\"luogo-singolo-evento\"><a href=\"https:\/\/leserre.co\/%eventi-slug%\/modozero-antonio-della-marina\/\" class=\"col252525\">In Giro<\/a><\/td><\/tr><\/tbody><\/table><table class='uk-table uk-table-divider' data-luogo='in-giro'><tr><td class=\"titolo-singolo-evento\"><a href=\"https:\/\/leserre.co\/%eventi-slug%\/passeggiata-laboratorio-sullisonzo\/\" class=\"uk-text-bold col252525\">Passeggiata laboratorio sull&#8217;Isonzo<\/a><\/td><td class=\"data-singolo-evento\"><a href=\"https:\/\/leserre.co\/%eventi-slug%\/passeggiata-laboratorio-sullisonzo\/\" class=\"col252525\">21.03.2026<\/a><\/td><td class=\"tipo-singolo-evento\"><a href=\"https:\/\/leserre.co\/%eventi-slug%\/passeggiata-laboratorio-sullisonzo\/\" class=\"col252525\">laboratorio per famiglie<\/a><\/td><td class=\"luogo-singolo-evento\"><a href=\"https:\/\/leserre.co\/%eventi-slug%\/passeggiata-laboratorio-sullisonzo\/\" class=\"col252525\">In Giro<\/a><\/td><\/tr><\/tbody><\/table><table class='uk-table uk-table-divider' data-luogo='in-giro'><tr><td class=\"titolo-singolo-evento\"><a href=\"https:\/\/leserre.co\/%eventi-slug%\/correnti-tokovi-2\/\" class=\"uk-text-bold col252525\">Correnti \/ Tokovi<\/a><\/td><td class=\"data-singolo-evento\"><a href=\"https:\/\/leserre.co\/%eventi-slug%\/correnti-tokovi-2\/\" class=\"col252525\">20.03.2026<\/a><\/td><td class=\"tipo-singolo-evento\"><a href=\"https:\/\/leserre.co\/%eventi-slug%\/correnti-tokovi-2\/\" class=\"col252525\">Mostra<\/a><\/td><td class=\"luogo-singolo-evento\"><a href=\"https:\/\/leserre.co\/%eventi-slug%\/correnti-tokovi-2\/\" class=\"col252525\">In Giro<\/a><\/td><\/tr><\/tbody><\/table><table class='uk-table uk-table-divider' data-luogo='in-giro'><tr><td class=\"titolo-singolo-evento\"><a href=\"https:\/\/leserre.co\/%eventi-slug%\/giocare-lurbano-tarcento\/\" class=\"uk-text-bold col252525\">Giocare l\u2019urbano\u2014Tarcento<\/a><\/td><td class=\"data-singolo-evento\"><a href=\"https:\/\/leserre.co\/%eventi-slug%\/giocare-lurbano-tarcento\/\" class=\"col252525\">15.03.2026<\/a><\/td><td class=\"tipo-singolo-evento\"><a href=\"https:\/\/leserre.co\/%eventi-slug%\/giocare-lurbano-tarcento\/\" class=\"col252525\">Camminata\/Esplorazione urbana<\/a><\/td><td class=\"luogo-singolo-evento\"><a href=\"https:\/\/leserre.co\/%eventi-slug%\/giocare-lurbano-tarcento\/\" class=\"col252525\">In Giro<\/a><\/td><\/tr><\/tbody><\/table><table class='uk-table uk-table-divider' data-luogo='in-giro'><tr><td class=\"titolo-singolo-evento\"><a href=\"https:\/\/leserre.co\/%eventi-slug%\/giocare-lurbano-palmanova\/\" class=\"uk-text-bold col252525\">Giocare l&#8217;urbano\u2014Palmanova<\/a><\/td><td class=\"data-singolo-evento\"><a href=\"https:\/\/leserre.co\/%eventi-slug%\/giocare-lurbano-palmanova\/\" class=\"col252525\">14.03.2026<\/a><\/td><td class=\"tipo-singolo-evento\"><a href=\"https:\/\/leserre.co\/%eventi-slug%\/giocare-lurbano-palmanova\/\" class=\"col252525\">Camminata\/esplorazione urbana<\/a><\/td><td class=\"luogo-singolo-evento\"><a href=\"https:\/\/leserre.co\/%eventi-slug%\/giocare-lurbano-palmanova\/\" class=\"col252525\">In Giro<\/a><\/td><\/tr><\/tbody><\/table><table class='uk-table uk-table-divider' data-luogo='in-giro'><tr><td class=\"titolo-singolo-evento\"><a href=\"https:\/\/leserre.co\/%eventi-slug%\/abitare-il-disordine\/\" class=\"uk-text-bold col252525\">Abitare il disordine<\/a><\/td><td class=\"data-singolo-evento\"><a href=\"https:\/\/leserre.co\/%eventi-slug%\/abitare-il-disordine\/\" class=\"col252525\">13.03.2026<\/a><\/td><td class=\"tipo-singolo-evento\"><a href=\"https:\/\/leserre.co\/%eventi-slug%\/abitare-il-disordine\/\" class=\"col252525\">Conferenza<\/a><\/td><td class=\"luogo-singolo-evento\"><a href=\"https:\/\/leserre.co\/%eventi-slug%\/abitare-il-disordine\/\" class=\"col252525\">In Giro<\/a><\/td><\/tr><\/tbody><\/table><table class='uk-table uk-table-divider' data-luogo='in-giro'><tr><td class=\"titolo-singolo-evento\"><a href=\"https:\/\/leserre.co\/%eventi-slug%\/si-dice-di-me\/\" class=\"uk-text-bold col252525\">Si dice di me<\/a><\/td><td class=\"data-singolo-evento\"><a href=\"https:\/\/leserre.co\/%eventi-slug%\/si-dice-di-me\/\" class=\"col252525\">13.03.2026<\/a><\/td><td class=\"tipo-singolo-evento\"><a href=\"https:\/\/leserre.co\/%eventi-slug%\/si-dice-di-me\/\" class=\"col252525\">Film Cinema Visionario<\/a><\/td><td class=\"luogo-singolo-evento\"><a href=\"https:\/\/leserre.co\/%eventi-slug%\/si-dice-di-me\/\" class=\"col252525\">In Giro<\/a><\/td><\/tr><\/tbody><\/table><table class='uk-table uk-table-divider' data-luogo='leserre'><tr><td class=\"titolo-singolo-evento\"><a href=\"https:\/\/leserre.co\/%eventi-slug%\/pixa-in-residenza\/\" class=\"uk-text-bold col252525\">Pixa in residenza<\/a><\/td><td class=\"data-singolo-evento\"><a href=\"https:\/\/leserre.co\/%eventi-slug%\/pixa-in-residenza\/\" class=\"col252525\">08.03.2026<\/a><\/td><td class=\"tipo-singolo-evento\"><a href=\"https:\/\/leserre.co\/%eventi-slug%\/pixa-in-residenza\/\" class=\"col252525\">Mostra<\/a><\/td><td class=\"luogo-singolo-evento\"><a href=\"https:\/\/leserre.co\/%eventi-slug%\/pixa-in-residenza\/\" class=\"col252525\">Le(Serre<\/a><\/td><\/tr><\/tbody><\/table><table class='uk-table uk-table-divider' data-luogo='leserre'><tr><td class=\"titolo-singolo-evento\"><a href=\"https:\/\/leserre.co\/%eventi-slug%\/materia-abitata\/\" class=\"uk-text-bold col252525\">Materia abitata\u2014Chiarot\/Drudi<\/a><\/td><td class=\"data-singolo-evento\"><a href=\"https:\/\/leserre.co\/%eventi-slug%\/materia-abitata\/\" class=\"col252525\">08.03.2026<\/a><\/td><td class=\"tipo-singolo-evento\"><a href=\"https:\/\/leserre.co\/%eventi-slug%\/materia-abitata\/\" class=\"col252525\">Mostra fotografica<\/a><\/td><td class=\"luogo-singolo-evento\"><a href=\"https:\/\/leserre.co\/%eventi-slug%\/materia-abitata\/\" class=\"col252525\">Le(Serre<\/a><\/td><\/tr><\/tbody><\/table><\/div><div class='uk-margin-large-top evento-mese-wrapper' data-luoghi='in-giro leserre'><h3 class='titolo-mese-eventi'>Febbraio 2026<\/h3><table class='uk-table uk-table-divider' data-luogo='in-giro'><tr><td class=\"titolo-singolo-evento\"><a href=\"https:\/\/leserre.co\/%eventi-slug%\/confini-dentro\/\" class=\"uk-text-bold col252525\">Confini dentro. Un viaggio Lusevera-Tarcento<\/a><\/td><td class=\"data-singolo-evento\"><a href=\"https:\/\/leserre.co\/%eventi-slug%\/confini-dentro\/\" class=\"col252525\">27.02.2026<\/a><\/td><td class=\"tipo-singolo-evento\"><a href=\"https:\/\/leserre.co\/%eventi-slug%\/confini-dentro\/\" class=\"col252525\">Viaggio sonoro<\/a><\/td><td class=\"luogo-singolo-evento\"><a href=\"https:\/\/leserre.co\/%eventi-slug%\/confini-dentro\/\" class=\"col252525\">In Giro<\/a><\/td><\/tr><\/tbody><\/table><table class='uk-table uk-table-divider' data-luogo='in-giro'><tr><td class=\"titolo-singolo-evento\"><a href=\"https:\/\/leserre.co\/%eventi-slug%\/correnti-tokovi\/\" class=\"uk-text-bold col252525\">Correnti \/ Tokovi<\/a><\/td><td class=\"data-singolo-evento\"><a href=\"https:\/\/leserre.co\/%eventi-slug%\/correnti-tokovi\/\" class=\"col252525\">20.02.2026<\/a><\/td><td class=\"tipo-singolo-evento\"><a href=\"https:\/\/leserre.co\/%eventi-slug%\/correnti-tokovi\/\" class=\"col252525\">Mostra<\/a><\/td><td class=\"luogo-singolo-evento\"><a href=\"https:\/\/leserre.co\/%eventi-slug%\/correnti-tokovi\/\" class=\"col252525\">In Giro<\/a><\/td><\/tr><\/tbody><\/table><table class='uk-table uk-table-divider' data-luogo='leserre'><tr><td class=\"titolo-singolo-evento\"><a href=\"https:\/\/leserre.co\/%eventi-slug%\/correnti-tokovi-3\/\" class=\"uk-text-bold col252525\">Correnti \/ Tokovi<\/a><\/td><td class=\"data-singolo-evento\"><a href=\"https:\/\/leserre.co\/%eventi-slug%\/correnti-tokovi-3\/\" class=\"col252525\">06.02.2026<\/a><\/td><td class=\"tipo-singolo-evento\"><a href=\"https:\/\/leserre.co\/%eventi-slug%\/correnti-tokovi-3\/\" class=\"col252525\">Mostra<\/a><\/td><td class=\"luogo-singolo-evento\"><a href=\"https:\/\/leserre.co\/%eventi-slug%\/correnti-tokovi-3\/\" class=\"col252525\">Le(Serre<\/a><\/td><\/tr><\/tbody><\/table><\/div><div class='uk-margin-large-top evento-mese-wrapper' data-luoghi='in-giro'><h3 class='titolo-mese-eventi'>Gennaio 2026<\/h3><table class='uk-table uk-table-divider' data-luogo='in-giro'><tr><td class=\"titolo-singolo-evento\"><a href=\"https:\/\/leserre.co\/%eventi-slug%\/lautorialita-e-una-forma-di-felicita\/\" class=\"uk-text-bold col252525\">L\u2019autorialit\u00e0 \u00e8 una forma di felicit\u00e0<\/a><\/td><td class=\"data-singolo-evento\"><a href=\"https:\/\/leserre.co\/%eventi-slug%\/lautorialita-e-una-forma-di-felicita\/\" class=\"col252525\">31.01.2026<\/a><\/td><td class=\"tipo-singolo-evento\"><a href=\"https:\/\/leserre.co\/%eventi-slug%\/lautorialita-e-una-forma-di-felicita\/\" class=\"col252525\">Formazione<\/a><\/td><td class=\"luogo-singolo-evento\"><a href=\"https:\/\/leserre.co\/%eventi-slug%\/lautorialita-e-una-forma-di-felicita\/\" class=\"col252525\">In Giro<\/a><\/td><\/tr><\/tbody><\/table><table class='uk-table uk-table-divider' data-luogo='in-giro'><tr><td class=\"titolo-singolo-evento\"><a href=\"https:\/\/leserre.co\/%eventi-slug%\/confini-ribelli-e-sconfinamenti-femminili%ef%bf%bc%ef%bf%bc\/\" class=\"uk-text-bold col252525\">Confini ribelli e sconfinamenti femminili<\/a><\/td><td class=\"data-singolo-evento\"><a href=\"https:\/\/leserre.co\/%eventi-slug%\/confini-ribelli-e-sconfinamenti-femminili%ef%bf%bc%ef%bf%bc\/\" class=\"col252525\">23.01.2026<\/a><\/td><td class=\"tipo-singolo-evento\"><a href=\"https:\/\/leserre.co\/%eventi-slug%\/confini-ribelli-e-sconfinamenti-femminili%ef%bf%bc%ef%bf%bc\/\" class=\"col252525\">Conferenza<\/a><\/td><td class=\"luogo-singolo-evento\"><a href=\"https:\/\/leserre.co\/%eventi-slug%\/confini-ribelli-e-sconfinamenti-femminili%ef%bf%bc%ef%bf%bc\/\" class=\"col252525\">In Giro<\/a><\/td><\/tr><\/tbody><\/table><table class='uk-table uk-table-divider' data-luogo='in-giro'><tr><td class=\"titolo-singolo-evento\"><a href=\"https:\/\/leserre.co\/%eventi-slug%\/i-cani\/\" class=\"uk-text-bold col252525\">I cani di Dora \u0160usti\u0107<\/a><\/td><td class=\"data-singolo-evento\"><a href=\"https:\/\/leserre.co\/%eventi-slug%\/i-cani\/\" class=\"col252525\">20.01.2026<\/a><\/td><td class=\"tipo-singolo-evento\"><a href=\"https:\/\/leserre.co\/%eventi-slug%\/i-cani\/\" class=\"col252525\">Presentazione libro<\/a><\/td><td class=\"luogo-singolo-evento\"><a href=\"https:\/\/leserre.co\/%eventi-slug%\/i-cani\/\" class=\"col252525\">In Giro<\/a><\/td><\/tr><\/tbody><\/table><table class='uk-table uk-table-divider' data-luogo='in-giro'><tr><td class=\"titolo-singolo-evento\"><a href=\"https:\/\/leserre.co\/%eventi-slug%\/far-radici\/\" class=\"uk-text-bold col252525\">Far radici<\/a><\/td><td class=\"data-singolo-evento\"><a href=\"https:\/\/leserre.co\/%eventi-slug%\/far-radici\/\" class=\"col252525\">20.01.2026<\/a><\/td><td class=\"tipo-singolo-evento\"><a href=\"https:\/\/leserre.co\/%eventi-slug%\/far-radici\/\" class=\"col252525\">Residenza<\/a><\/td><td class=\"luogo-singolo-evento\"><a href=\"https:\/\/leserre.co\/%eventi-slug%\/far-radici\/\" class=\"col252525\">In Giro<\/a><\/td><\/tr><\/tbody><\/table><table class='uk-table uk-table-divider' data-luogo='in-giro'><tr><td class=\"titolo-singolo-evento\"><a href=\"https:\/\/leserre.co\/%eventi-slug%\/conferenza-con-fabrizia-iervese\/\" class=\"uk-text-bold col252525\">Conferenza con Fabrizia Iervese<\/a><\/td><td class=\"data-singolo-evento\"><a href=\"https:\/\/leserre.co\/%eventi-slug%\/conferenza-con-fabrizia-iervese\/\" class=\"col252525\">16.01.2026<\/a><\/td><td class=\"tipo-singolo-evento\"><a href=\"https:\/\/leserre.co\/%eventi-slug%\/conferenza-con-fabrizia-iervese\/\" class=\"col252525\">Conferenza<\/a><\/td><td class=\"luogo-singolo-evento\"><a href=\"https:\/\/leserre.co\/%eventi-slug%\/conferenza-con-fabrizia-iervese\/\" class=\"col252525\">In Giro<\/a><\/td><\/tr><\/tbody><\/table><\/div><div class='uk-margin-large-top evento-mese-wrapper' data-luoghi='leserre in-giro'><h3 class='titolo-mese-eventi'>Dicembre 2025<\/h3><table class='uk-table uk-table-divider' data-luogo='leserre'><tr><td class=\"titolo-singolo-evento\"><a href=\"https:\/\/leserre.co\/%eventi-slug%\/leonardo-delogu-e-valerio-sirna\/\" class=\"uk-text-bold col252525\">Appunti per un teatro di paesaggio<\/a><\/td><td class=\"data-singolo-evento\"><a href=\"https:\/\/leserre.co\/%eventi-slug%\/leonardo-delogu-e-valerio-sirna\/\" class=\"col252525\">16.12.2025<\/a><\/td><td class=\"tipo-singolo-evento\"><a href=\"https:\/\/leserre.co\/%eventi-slug%\/leonardo-delogu-e-valerio-sirna\/\" class=\"col252525\">Conferenza<\/a><\/td><td class=\"luogo-singolo-evento\"><a href=\"https:\/\/leserre.co\/%eventi-slug%\/leonardo-delogu-e-valerio-sirna\/\" class=\"col252525\">Le(Serre<\/a><\/td><\/tr><\/tbody><\/table><table class='uk-table uk-table-divider' data-luogo='in-giro'><tr><td class=\"titolo-singolo-evento\"><a href=\"https:\/\/leserre.co\/%eventi-slug%\/casamia-emma-nolde\/\" class=\"uk-text-bold col252525\">Casamia \u2013 Emma Nolde<\/a><\/td><td class=\"data-singolo-evento\"><a href=\"https:\/\/leserre.co\/%eventi-slug%\/casamia-emma-nolde\/\" class=\"col252525\">10.12.2025<\/a><\/td><td class=\"tipo-singolo-evento\"><a href=\"https:\/\/leserre.co\/%eventi-slug%\/casamia-emma-nolde\/\" class=\"col252525\">Concerto<\/a><\/td><td class=\"luogo-singolo-evento\"><a href=\"https:\/\/leserre.co\/%eventi-slug%\/casamia-emma-nolde\/\" class=\"col252525\">In Giro<\/a><\/td><\/tr><\/tbody><\/table><table class='uk-table uk-table-divider' data-luogo='in-giro'><tr><td class=\"titolo-singolo-evento\"><a href=\"https:\/\/leserre.co\/%eventi-slug%\/dimmi-passeggiata-di-luce\/\" class=\"uk-text-bold col252525\">Dimmi \u2013 Passeggiata di luce<\/a><\/td><td class=\"data-singolo-evento\"><a href=\"https:\/\/leserre.co\/%eventi-slug%\/dimmi-passeggiata-di-luce\/\" class=\"col252525\">11.12.2025<\/a><\/td><td class=\"tipo-singolo-evento\"><a href=\"https:\/\/leserre.co\/%eventi-slug%\/dimmi-passeggiata-di-luce\/\" class=\"col252525\">Passeggiata<\/a><\/td><td class=\"luogo-singolo-evento\"><a href=\"https:\/\/leserre.co\/%eventi-slug%\/dimmi-passeggiata-di-luce\/\" class=\"col252525\">In Giro<\/a><\/td><\/tr><\/tbody><\/table><table class='uk-table uk-table-divider' data-luogo='in-giro'><tr><td class=\"titolo-singolo-evento\"><a href=\"https:\/\/leserre.co\/%eventi-slug%\/dimmi-passeggiata-di-luce-2\/\" class=\"uk-text-bold col252525\">Dimmi \u2013 Passeggiata di luce<\/a><\/td><td class=\"data-singolo-evento\"><a href=\"https:\/\/leserre.co\/%eventi-slug%\/dimmi-passeggiata-di-luce-2\/\" class=\"col252525\">12.12.2025<\/a><\/td><td class=\"tipo-singolo-evento\"><a href=\"https:\/\/leserre.co\/%eventi-slug%\/dimmi-passeggiata-di-luce-2\/\" class=\"col252525\">Passeggiata<\/a><\/td><td class=\"luogo-singolo-evento\"><a href=\"https:\/\/leserre.co\/%eventi-slug%\/dimmi-passeggiata-di-luce-2\/\" class=\"col252525\">In Giro<\/a><\/td><\/tr><\/tbody><\/table><table class='uk-table uk-table-divider' data-luogo='leserre'><tr><td class=\"titolo-singolo-evento\"><a href=\"https:\/\/leserre.co\/%eventi-slug%\/sostenibilita-e-fundraising\/\" class=\"uk-text-bold col252525\">Sostenibilit\u00e0 e fundraising<\/a><\/td><td class=\"data-singolo-evento\"><a href=\"https:\/\/leserre.co\/%eventi-slug%\/sostenibilita-e-fundraising\/\" class=\"col252525\">04\u201506.12.2025<\/a><\/td><td class=\"tipo-singolo-evento\"><a href=\"https:\/\/leserre.co\/%eventi-slug%\/sostenibilita-e-fundraising\/\" class=\"col252525\">Formazione<\/a><\/td><td class=\"luogo-singolo-evento\"><a href=\"https:\/\/leserre.co\/%eventi-slug%\/sostenibilita-e-fundraising\/\" class=\"col252525\">Le(Serre<\/a><\/td><\/tr><\/tbody><\/table><\/div><div class='uk-margin-large-top evento-mese-wrapper' data-luoghi='leserre in-giro'><h3 class='titolo-mese-eventi'>Novembre 2025<\/h3><table class='uk-table uk-table-divider' data-luogo='leserre'><tr><td class=\"titolo-singolo-evento\"><a href=\"https:\/\/leserre.co\/%eventi-slug%\/trashformazioni\/\" class=\"uk-text-bold col252525\">Trashformazioni<\/a><\/td><td class=\"data-singolo-evento\"><a href=\"https:\/\/leserre.co\/%eventi-slug%\/trashformazioni\/\" class=\"col252525\">29\u201530.11.2025<\/a><\/td><td class=\"tipo-singolo-evento\"><a href=\"https:\/\/leserre.co\/%eventi-slug%\/trashformazioni\/\" class=\"col252525\">Workshop<\/a><\/td><td class=\"luogo-singolo-evento\"><a href=\"https:\/\/leserre.co\/%eventi-slug%\/trashformazioni\/\" class=\"col252525\">Le(Serre<\/a><\/td><\/tr><\/tbody><\/table><table class='uk-table uk-table-divider' data-luogo='leserre'><tr><td class=\"titolo-singolo-evento\"><a href=\"https:\/\/leserre.co\/%eventi-slug%\/ai-e-produzione-indipendente\/\" class=\"uk-text-bold col252525\">AI e produzione indipendente\u00a0<\/a><\/td><td class=\"data-singolo-evento\"><a href=\"https:\/\/leserre.co\/%eventi-slug%\/ai-e-produzione-indipendente\/\" class=\"col252525\">27\u201428.11.2025<\/a><\/td><td class=\"tipo-singolo-evento\"><a href=\"https:\/\/leserre.co\/%eventi-slug%\/ai-e-produzione-indipendente\/\" class=\"col252525\">Workshop<\/a><\/td><td class=\"luogo-singolo-evento\"><a href=\"https:\/\/leserre.co\/%eventi-slug%\/ai-e-produzione-indipendente\/\" class=\"col252525\">Le(Serre<\/a><\/td><\/tr><\/tbody><\/table><table class='uk-table uk-table-divider' data-luogo='in-giro'><tr><td class=\"titolo-singolo-evento\"><a href=\"https:\/\/leserre.co\/%eventi-slug%\/casamia-molom\/\" class=\"uk-text-bold col252525\">Casamia \u2014 Molom<\/a><\/td><td class=\"data-singolo-evento\"><a href=\"https:\/\/leserre.co\/%eventi-slug%\/casamia-molom\/\" class=\"col252525\">22.11.2025<\/a><\/td><td class=\"tipo-singolo-evento\"><a href=\"https:\/\/leserre.co\/%eventi-slug%\/casamia-molom\/\" class=\"col252525\">Concerto<\/a><\/td><td class=\"luogo-singolo-evento\"><a href=\"https:\/\/leserre.co\/%eventi-slug%\/casamia-molom\/\" class=\"col252525\">In Giro<\/a><\/td><\/tr><\/tbody><\/table><table class='uk-table uk-table-divider' data-luogo='leserre'><tr><td class=\"titolo-singolo-evento\"><a href=\"https:\/\/leserre.co\/%eventi-slug%\/spherical-beam-former\/\" class=\"uk-text-bold col252525\">Spherical Beam Former<\/a><\/td><td class=\"data-singolo-evento\"><a href=\"https:\/\/leserre.co\/%eventi-slug%\/spherical-beam-former\/\" class=\"col252525\">21\u201522.11.2025<\/a><\/td><td class=\"tipo-singolo-evento\"><a href=\"https:\/\/leserre.co\/%eventi-slug%\/spherical-beam-former\/\" class=\"col252525\">Workshop<\/a><\/td><td class=\"luogo-singolo-evento\"><a href=\"https:\/\/leserre.co\/%eventi-slug%\/spherical-beam-former\/\" class=\"col252525\">Le(Serre<\/a><\/td><\/tr><\/tbody><\/table><table class='uk-table uk-table-divider' data-luogo='leserre'><tr><td class=\"titolo-singolo-evento\"><a href=\"https:\/\/leserre.co\/%eventi-slug%\/comunicare-con-efficacia\/\" class=\"uk-text-bold col252525\">Comunicare con efficacia<\/a><\/td><td class=\"data-singolo-evento\"><a href=\"https:\/\/leserre.co\/%eventi-slug%\/comunicare-con-efficacia\/\" class=\"col252525\">13\u201515.11.2025<\/a><\/td><td class=\"tipo-singolo-evento\"><a href=\"https:\/\/leserre.co\/%eventi-slug%\/comunicare-con-efficacia\/\" class=\"col252525\">Formazione<\/a><\/td><td class=\"luogo-singolo-evento\"><a href=\"https:\/\/leserre.co\/%eventi-slug%\/comunicare-con-efficacia\/\" class=\"col252525\">Le(Serre<\/a><\/td><\/tr><\/tbody><\/table><table class='uk-table uk-table-divider' data-luogo='leserre'><tr><td class=\"titolo-singolo-evento\"><a href=\"https:\/\/leserre.co\/%eventi-slug%\/care-4\/\" class=\"uk-text-bold col252525\">Caregiver e professionisti a confronto\ufffc<\/a><\/td><td class=\"data-singolo-evento\"><a href=\"https:\/\/leserre.co\/%eventi-slug%\/care-4\/\" class=\"col252525\">09.11.2025<\/a><\/td><td class=\"tipo-singolo-evento\"><a href=\"https:\/\/leserre.co\/%eventi-slug%\/care-4\/\" class=\"col252525\">Tavola rotonda<\/a><\/td><td class=\"luogo-singolo-evento\"><a href=\"https:\/\/leserre.co\/%eventi-slug%\/care-4\/\" class=\"col252525\">Le(Serre<\/a><\/td><\/tr><\/tbody><\/table><table class='uk-table uk-table-divider' data-luogo='leserre'><tr><td class=\"titolo-singolo-evento\"><a href=\"https:\/\/leserre.co\/%eventi-slug%\/beneath-mirror-waves%ef%bf%bc%ef%bf%bc\/\" class=\"uk-text-bold col252525\">Beneath the Mirror Waves<\/a><\/td><td class=\"data-singolo-evento\"><a href=\"https:\/\/leserre.co\/%eventi-slug%\/beneath-mirror-waves%ef%bf%bc%ef%bf%bc\/\" class=\"col252525\">07\u201530.11.2025<\/a><\/td><td class=\"tipo-singolo-evento\"><a href=\"https:\/\/leserre.co\/%eventi-slug%\/beneath-mirror-waves%ef%bf%bc%ef%bf%bc\/\" class=\"col252525\">Mostra<\/a><\/td><td class=\"luogo-singolo-evento\"><a href=\"https:\/\/leserre.co\/%eventi-slug%\/beneath-mirror-waves%ef%bf%bc%ef%bf%bc\/\" class=\"col252525\">Le(Serre<\/a><\/td><\/tr><\/tbody><\/table><table class='uk-table uk-table-divider' data-luogo='leserre'><tr><td class=\"titolo-singolo-evento\"><a href=\"https:\/\/leserre.co\/%eventi-slug%\/millacu\/\" class=\"uk-text-bold col252525\">Millacu<\/a><\/td><td class=\"data-singolo-evento\"><a href=\"https:\/\/leserre.co\/%eventi-slug%\/millacu\/\" class=\"col252525\">07.11.2025<\/a><\/td><td class=\"tipo-singolo-evento\"><a href=\"https:\/\/leserre.co\/%eventi-slug%\/millacu\/\" class=\"col252525\">DJ set<\/a><\/td><td class=\"luogo-singolo-evento\"><a href=\"https:\/\/leserre.co\/%eventi-slug%\/millacu\/\" class=\"col252525\">Le(Serre<\/a><\/td><\/tr><\/tbody><\/table><table class='uk-table uk-table-divider' data-luogo='leserre'><tr><td class=\"titolo-singolo-evento\"><a href=\"https:\/\/leserre.co\/%eventi-slug%\/lorenzo-romito-e-giulia-fiocca\/\" class=\"uk-text-bold col252525\">Abitare le rovine del presente<\/a><\/td><td class=\"data-singolo-evento\"><a href=\"https:\/\/leserre.co\/%eventi-slug%\/lorenzo-romito-e-giulia-fiocca\/\" class=\"col252525\">06.11.2025<\/a><\/td><td class=\"tipo-singolo-evento\"><a href=\"https:\/\/leserre.co\/%eventi-slug%\/lorenzo-romito-e-giulia-fiocca\/\" class=\"col252525\">Conferenza<\/a><\/td><td class=\"luogo-singolo-evento\"><a href=\"https:\/\/leserre.co\/%eventi-slug%\/lorenzo-romito-e-giulia-fiocca\/\" class=\"col252525\">Le(Serre<\/a><\/td><\/tr><\/tbody><\/table><\/div><div class='uk-margin-large-top evento-mese-wrapper' data-luoghi='leserre in-giro'><h3 class='titolo-mese-eventi'>Ottobre 2025<\/h3><table class='uk-table uk-table-divider' data-luogo='leserre'><tr><td class=\"titolo-singolo-evento\"><a href=\"https:\/\/leserre.co\/%eventi-slug%\/ikonemi\/\" class=\"uk-text-bold col252525\">Walking Through<\/a><\/td><td class=\"data-singolo-evento\"><a href=\"https:\/\/leserre.co\/%eventi-slug%\/ikonemi\/\" class=\"col252525\">30.10.2025<\/a><\/td><td class=\"tipo-singolo-evento\"><a href=\"https:\/\/leserre.co\/%eventi-slug%\/ikonemi\/\" class=\"col252525\">Conferenza<\/a><\/td><td class=\"luogo-singolo-evento\"><a href=\"https:\/\/leserre.co\/%eventi-slug%\/ikonemi\/\" class=\"col252525\">Le(Serre<\/a><\/td><\/tr><\/tbody><\/table><table class='uk-table uk-table-divider' data-luogo='leserre'><tr><td class=\"titolo-singolo-evento\"><a href=\"https:\/\/leserre.co\/%eventi-slug%\/sound-explorers\/\" class=\"uk-text-bold col252525\">Sound explorers<\/a><\/td><td class=\"data-singolo-evento\"><a href=\"https:\/\/leserre.co\/%eventi-slug%\/sound-explorers\/\" class=\"col252525\">26.10.2025<\/a><\/td><td class=\"tipo-singolo-evento\"><a href=\"https:\/\/leserre.co\/%eventi-slug%\/sound-explorers\/\" class=\"col252525\">Laboratorio<\/a><\/td><td class=\"luogo-singolo-evento\"><a href=\"https:\/\/leserre.co\/%eventi-slug%\/sound-explorers\/\" class=\"col252525\">Le(Serre<\/a><\/td><\/tr><\/tbody><\/table><table class='uk-table uk-table-divider' data-luogo='leserre'><tr><td class=\"titolo-singolo-evento\"><a href=\"https:\/\/leserre.co\/%eventi-slug%\/materia-paranoica-carta\/\" class=\"uk-text-bold col252525\">Materia Paranoica \u2014\u00a0Carta<\/a><\/td><td class=\"data-singolo-evento\"><a href=\"https:\/\/leserre.co\/%eventi-slug%\/materia-paranoica-carta\/\" class=\"col252525\">25.10.2025<\/a><\/td><td class=\"tipo-singolo-evento\"><a href=\"https:\/\/leserre.co\/%eventi-slug%\/materia-paranoica-carta\/\" class=\"col252525\">Mostra<\/a><\/td><td class=\"luogo-singolo-evento\"><a href=\"https:\/\/leserre.co\/%eventi-slug%\/materia-paranoica-carta\/\" class=\"col252525\">Le(Serre<\/a><\/td><\/tr><\/tbody><\/table><table class='uk-table uk-table-divider' data-luogo='leserre'><tr><td class=\"titolo-singolo-evento\"><a href=\"https:\/\/leserre.co\/%eventi-slug%\/rares-cirlan-%ef%bf%bc\/\" class=\"uk-text-bold col252525\">Rare\u0219 C\u00eerlan e Pierpaolo Ovarini<\/a><\/td><td class=\"data-singolo-evento\"><a href=\"https:\/\/leserre.co\/%eventi-slug%\/rares-cirlan-%ef%bf%bc\/\" class=\"col252525\">25.10.2025<\/a><\/td><td class=\"tipo-singolo-evento\"><a href=\"https:\/\/leserre.co\/%eventi-slug%\/rares-cirlan-%ef%bf%bc\/\" class=\"col252525\">Concerto<\/a><\/td><td class=\"luogo-singolo-evento\"><a href=\"https:\/\/leserre.co\/%eventi-slug%\/rares-cirlan-%ef%bf%bc\/\" class=\"col252525\">Le(Serre<\/a><\/td><\/tr><\/tbody><\/table><table class='uk-table uk-table-divider' data-luogo='in-giro'><tr><td class=\"titolo-singolo-evento\"><a href=\"https:\/\/leserre.co\/%eventi-slug%\/le-storie-in-viaggio\/\" class=\"uk-text-bold col252525\">Le storie in viaggio<\/a><\/td><td class=\"data-singolo-evento\"><a href=\"https:\/\/leserre.co\/%eventi-slug%\/le-storie-in-viaggio\/\" class=\"col252525\">24.10.2025<\/a><\/td><td class=\"tipo-singolo-evento\"><a href=\"https:\/\/leserre.co\/%eventi-slug%\/le-storie-in-viaggio\/\" class=\"col252525\">Presentazione<\/a><\/td><td class=\"luogo-singolo-evento\"><a href=\"https:\/\/leserre.co\/%eventi-slug%\/le-storie-in-viaggio\/\" class=\"col252525\">In Giro<\/a><\/td><\/tr><\/tbody><\/table><table class='uk-table uk-table-divider' data-luogo='in-giro'><tr><td class=\"titolo-singolo-evento\"><a href=\"https:\/\/leserre.co\/%eventi-slug%\/casamia-mar-grimalt\/\" class=\"uk-text-bold col252525\">Casamia \u2014 Mar Grimalt<\/a><\/td><td class=\"data-singolo-evento\"><a href=\"https:\/\/leserre.co\/%eventi-slug%\/casamia-mar-grimalt\/\" class=\"col252525\">18.10.2025<\/a><\/td><td class=\"tipo-singolo-evento\"><a href=\"https:\/\/leserre.co\/%eventi-slug%\/casamia-mar-grimalt\/\" class=\"col252525\">Concerto<\/a><\/td><td class=\"luogo-singolo-evento\"><a href=\"https:\/\/leserre.co\/%eventi-slug%\/casamia-mar-grimalt\/\" class=\"col252525\">In Giro<\/a><\/td><\/tr><\/tbody><\/table><table class='uk-table uk-table-divider' data-luogo='leserre'><tr><td class=\"titolo-singolo-evento\"><a href=\"https:\/\/leserre.co\/%eventi-slug%\/briciole\/\" class=\"uk-text-bold col252525\">Briciole<\/a><\/td><td class=\"data-singolo-evento\"><a href=\"https:\/\/leserre.co\/%eventi-slug%\/briciole\/\" class=\"col252525\">17.10.2025<\/a><\/td><td class=\"tipo-singolo-evento\"><a href=\"https:\/\/leserre.co\/%eventi-slug%\/briciole\/\" class=\"col252525\">Spettacolo<\/a><\/td><td class=\"luogo-singolo-evento\"><a href=\"https:\/\/leserre.co\/%eventi-slug%\/briciole\/\" class=\"col252525\">Le(Serre<\/a><\/td><\/tr><\/tbody><\/table><table class='uk-table uk-table-divider' data-luogo='leserre'><tr><td class=\"titolo-singolo-evento\"><a href=\"https:\/\/leserre.co\/%eventi-slug%\/principi-di-progettazione-culturale\/\" class=\"uk-text-bold col252525\">Principi di progettazione culturale<\/a><\/td><td class=\"data-singolo-evento\"><a href=\"https:\/\/leserre.co\/%eventi-slug%\/principi-di-progettazione-culturale\/\" class=\"col252525\">09\u201511.10.2025<\/a><\/td><td class=\"tipo-singolo-evento\"><a href=\"https:\/\/leserre.co\/%eventi-slug%\/principi-di-progettazione-culturale\/\" class=\"col252525\">Formazione<\/a><\/td><td class=\"luogo-singolo-evento\"><a href=\"https:\/\/leserre.co\/%eventi-slug%\/principi-di-progettazione-culturale\/\" class=\"col252525\">Le(Serre<\/a><\/td><\/tr><\/tbody><\/table><table class='uk-table uk-table-divider' data-luogo='in-giro'><tr><td class=\"titolo-singolo-evento\"><a href=\"https:\/\/leserre.co\/%eventi-slug%\/con-le-storie-addosso\/\" class=\"uk-text-bold col252525\">Con le storie addosso<\/a><\/td><td class=\"data-singolo-evento\"><a href=\"https:\/\/leserre.co\/%eventi-slug%\/con-le-storie-addosso\/\" class=\"col252525\">08.10.2025<\/a><\/td><td class=\"tipo-singolo-evento\"><a href=\"https:\/\/leserre.co\/%eventi-slug%\/con-le-storie-addosso\/\" class=\"col252525\">Conferenza<\/a><\/td><td class=\"luogo-singolo-evento\"><a href=\"https:\/\/leserre.co\/%eventi-slug%\/con-le-storie-addosso\/\" class=\"col252525\">In Giro<\/a><\/td><\/tr><\/tbody><\/table><table class='uk-table uk-table-divider' data-luogo='leserre'><tr><td class=\"titolo-singolo-evento\"><a href=\"https:\/\/leserre.co\/%eventi-slug%\/care-3\/\" class=\"uk-text-bold col252525\">CARE<\/a><\/td><td class=\"data-singolo-evento\"><a href=\"https:\/\/leserre.co\/%eventi-slug%\/care-3\/\" class=\"col252525\">02.09\u201504.11.2025<\/a><\/td><td class=\"tipo-singolo-evento\"><a href=\"https:\/\/leserre.co\/%eventi-slug%\/care-3\/\" class=\"col252525\">Laboratorio<\/a><\/td><td class=\"luogo-singolo-evento\"><a href=\"https:\/\/leserre.co\/%eventi-slug%\/care-3\/\" class=\"col252525\">Le(Serre<\/a><\/td><\/tr><\/tbody><\/table><table class='uk-table uk-table-divider' data-luogo='leserre'><tr><td class=\"titolo-singolo-evento\"><a href=\"https:\/\/leserre.co\/%eventi-slug%\/materia-paranoica-cemento\/\" class=\"uk-text-bold col252525\">Materia Paranoica \u2014\u00a0Cemento<\/a><\/td><td class=\"data-singolo-evento\"><a href=\"https:\/\/leserre.co\/%eventi-slug%\/materia-paranoica-cemento\/\" class=\"col252525\">04.10.2025<\/a><\/td><td class=\"tipo-singolo-evento\"><a href=\"https:\/\/leserre.co\/%eventi-slug%\/materia-paranoica-cemento\/\" class=\"col252525\">Mostra<\/a><\/td><td class=\"luogo-singolo-evento\"><a href=\"https:\/\/leserre.co\/%eventi-slug%\/materia-paranoica-cemento\/\" class=\"col252525\">Le(Serre<\/a><\/td><\/tr><\/tbody><\/table><table class='uk-table uk-table-divider' data-luogo='leserre'><tr><td class=\"titolo-singolo-evento\"><a href=\"https:\/\/leserre.co\/%eventi-slug%\/moradavaga\/\" class=\"uk-text-bold col252525\">Moradavaga \u2014 Fuori campo<\/a><\/td><td class=\"data-singolo-evento\"><a href=\"https:\/\/leserre.co\/%eventi-slug%\/moradavaga\/\" class=\"col252525\">04.10.2025<\/a><\/td><td class=\"tipo-singolo-evento\"><a href=\"https:\/\/leserre.co\/%eventi-slug%\/moradavaga\/\" class=\"col252525\">Presentazione<\/a><\/td><td class=\"luogo-singolo-evento\"><a href=\"https:\/\/leserre.co\/%eventi-slug%\/moradavaga\/\" class=\"col252525\">Le(Serre<\/a><\/td><\/tr><\/tbody><\/table><table class='uk-table uk-table-divider' data-luogo='leserre'><tr><td class=\"titolo-singolo-evento\"><a href=\"https:\/\/leserre.co\/%eventi-slug%\/carlo-vidoni-e-claudia-barberi\/\" class=\"uk-text-bold col252525\">Carlo Vidoni e Claudia Barberi \u2014 Fuori campo<\/a><\/td><td class=\"data-singolo-evento\"><a href=\"https:\/\/leserre.co\/%eventi-slug%\/carlo-vidoni-e-claudia-barberi\/\" class=\"col252525\">04.10.2025<\/a><\/td><td class=\"tipo-singolo-evento\"><a href=\"https:\/\/leserre.co\/%eventi-slug%\/carlo-vidoni-e-claudia-barberi\/\" class=\"col252525\">Presentazione<\/a><\/td><td class=\"luogo-singolo-evento\"><a href=\"https:\/\/leserre.co\/%eventi-slug%\/carlo-vidoni-e-claudia-barberi\/\" class=\"col252525\">Le(Serre<\/a><\/td><\/tr><\/tbody><\/table><table class='uk-table uk-table-divider' data-luogo='leserre'><tr><td class=\"titolo-singolo-evento\"><a href=\"https:\/\/leserre.co\/%eventi-slug%\/michele-bazzana\/\" class=\"uk-text-bold col252525\">Michele Bazzana \u2014 Fuori campo<\/a><\/td><td class=\"data-singolo-evento\"><a href=\"https:\/\/leserre.co\/%eventi-slug%\/michele-bazzana\/\" class=\"col252525\">04.10.2025<\/a><\/td><td class=\"tipo-singolo-evento\"><a href=\"https:\/\/leserre.co\/%eventi-slug%\/michele-bazzana\/\" class=\"col252525\">Presentazione<\/a><\/td><td class=\"luogo-singolo-evento\"><a href=\"https:\/\/leserre.co\/%eventi-slug%\/michele-bazzana\/\" class=\"col252525\">Le(Serre<\/a><\/td><\/tr><\/tbody><\/table><table class='uk-table uk-table-divider' data-luogo='leserre'><tr><td class=\"titolo-singolo-evento\"><a href=\"https:\/\/leserre.co\/%eventi-slug%\/pietro-vicentini\/\" class=\"uk-text-bold col252525\">Pietro Vicentini<\/a><\/td><td class=\"data-singolo-evento\"><a href=\"https:\/\/leserre.co\/%eventi-slug%\/pietro-vicentini\/\" class=\"col252525\">04.10.2025<\/a><\/td><td class=\"tipo-singolo-evento\"><a href=\"https:\/\/leserre.co\/%eventi-slug%\/pietro-vicentini\/\" class=\"col252525\">Concerto<\/a><\/td><td class=\"luogo-singolo-evento\"><a href=\"https:\/\/leserre.co\/%eventi-slug%\/pietro-vicentini\/\" class=\"col252525\">Le(Serre<\/a><\/td><\/tr><\/tbody><\/table><\/div><div class='uk-margin-large-top evento-mese-wrapper' data-luoghi='leserre in-giro'><h3 class='titolo-mese-eventi'>Settembre 2025<\/h3><table class='uk-table uk-table-divider' data-luogo='leserre'><tr><td class=\"titolo-singolo-evento\"><a href=\"https:\/\/leserre.co\/%eventi-slug%\/con-il-naso-allinsu\/\" class=\"uk-text-bold col252525\">Con il naso all&#8217;ins\u00f9<\/a><\/td><td class=\"data-singolo-evento\"><a href=\"https:\/\/leserre.co\/%eventi-slug%\/con-il-naso-allinsu\/\" class=\"col252525\">28.09.2025<\/a><\/td><td class=\"tipo-singolo-evento\"><a href=\"https:\/\/leserre.co\/%eventi-slug%\/con-il-naso-allinsu\/\" class=\"col252525\">Laboratorio<\/a><\/td><td class=\"luogo-singolo-evento\"><a href=\"https:\/\/leserre.co\/%eventi-slug%\/con-il-naso-allinsu\/\" class=\"col252525\">Le(Serre<\/a><\/td><\/tr><\/tbody><\/table><table class='uk-table uk-table-divider' data-luogo='leserre'><tr><td class=\"titolo-singolo-evento\"><a href=\"https:\/\/leserre.co\/%eventi-slug%\/fare-comunita-giocando\/\" class=\"uk-text-bold col252525\">Fare comunit\u00e0 giocando<\/a><\/td><td class=\"data-singolo-evento\"><a href=\"https:\/\/leserre.co\/%eventi-slug%\/fare-comunita-giocando\/\" class=\"col252525\">27.09.2025<\/a><\/td><td class=\"tipo-singolo-evento\"><a href=\"https:\/\/leserre.co\/%eventi-slug%\/fare-comunita-giocando\/\" class=\"col252525\">Laboratorio<\/a><\/td><td class=\"luogo-singolo-evento\"><a href=\"https:\/\/leserre.co\/%eventi-slug%\/fare-comunita-giocando\/\" class=\"col252525\">Le(Serre<\/a><\/td><\/tr><\/tbody><\/table><table class='uk-table uk-table-divider' data-luogo='leserre'><tr><td class=\"titolo-singolo-evento\"><a href=\"https:\/\/leserre.co\/%eventi-slug%\/jacopo-donato\/\" class=\"uk-text-bold col252525\">Jacopo Donato \u2014 Fuori campo<\/a><\/td><td class=\"data-singolo-evento\"><a href=\"https:\/\/leserre.co\/%eventi-slug%\/jacopo-donato\/\" class=\"col252525\">24.09.2025<\/a><\/td><td class=\"tipo-singolo-evento\"><a href=\"https:\/\/leserre.co\/%eventi-slug%\/jacopo-donato\/\" class=\"col252525\">Presentazione<\/a><\/td><td class=\"luogo-singolo-evento\"><a href=\"https:\/\/leserre.co\/%eventi-slug%\/jacopo-donato\/\" class=\"col252525\">Le(Serre<\/a><\/td><\/tr><\/tbody><\/table><table class='uk-table uk-table-divider' data-luogo='in-giro'><tr><td class=\"titolo-singolo-evento\"><a href=\"https:\/\/leserre.co\/%eventi-slug%\/fare-comunita-creando\/\" class=\"uk-text-bold col252525\">Fare comunit\u00e0 creando<\/a><\/td><td class=\"data-singolo-evento\"><a href=\"https:\/\/leserre.co\/%eventi-slug%\/fare-comunita-creando\/\" class=\"col252525\">20.09.2025<\/a><\/td><td class=\"tipo-singolo-evento\"><a href=\"https:\/\/leserre.co\/%eventi-slug%\/fare-comunita-creando\/\" class=\"col252525\">Formazione<\/a><\/td><td class=\"luogo-singolo-evento\"><a href=\"https:\/\/leserre.co\/%eventi-slug%\/fare-comunita-creando\/\" class=\"col252525\">In Giro<\/a><\/td><\/tr><\/tbody><\/table><table class='uk-table uk-table-divider' data-luogo='in-giro'><tr><td class=\"titolo-singolo-evento\"><a href=\"https:\/\/leserre.co\/%eventi-slug%\/iako\/\" class=\"uk-text-bold col252525\">Casamia \u2015\u00a0iako<\/a><\/td><td class=\"data-singolo-evento\"><a href=\"https:\/\/leserre.co\/%eventi-slug%\/iako\/\" class=\"col252525\">20.09.2025<\/a><\/td><td class=\"tipo-singolo-evento\"><a href=\"https:\/\/leserre.co\/%eventi-slug%\/iako\/\" class=\"col252525\">Concerto<\/a><\/td><td class=\"luogo-singolo-evento\"><a href=\"https:\/\/leserre.co\/%eventi-slug%\/iako\/\" class=\"col252525\">In Giro<\/a><\/td><\/tr><\/tbody><\/table><table class='uk-table uk-table-divider' data-luogo='in-giro'><tr><td class=\"titolo-singolo-evento\"><a href=\"https:\/\/leserre.co\/%eventi-slug%\/lenart-de-bock-tilen-kravos-ziga-ipavec\/\" class=\"uk-text-bold col252525\">Lenart De Bock, Tilen Kravos, \u017diga Ipavec<\/a><\/td><td class=\"data-singolo-evento\"><a href=\"https:\/\/leserre.co\/%eventi-slug%\/lenart-de-bock-tilen-kravos-ziga-ipavec\/\" class=\"col252525\">19\u201521.09.2025<\/a><\/td><td class=\"tipo-singolo-evento\"><a href=\"https:\/\/leserre.co\/%eventi-slug%\/lenart-de-bock-tilen-kravos-ziga-ipavec\/\" class=\"col252525\">Concerto<\/a><\/td><td class=\"luogo-singolo-evento\"><a href=\"https:\/\/leserre.co\/%eventi-slug%\/lenart-de-bock-tilen-kravos-ziga-ipavec\/\" class=\"col252525\">In Giro<\/a><\/td><\/tr><\/tbody><\/table><table class='uk-table uk-table-divider' data-luogo='leserre'><tr><td class=\"titolo-singolo-evento\"><a href=\"https:\/\/leserre.co\/%eventi-slug%\/chiara-camoni\/\" class=\"uk-text-bold col252525\">Chiara Camoni<\/a><\/td><td class=\"data-singolo-evento\"><a href=\"https:\/\/leserre.co\/%eventi-slug%\/chiara-camoni\/\" class=\"col252525\">14.09.2025<\/a><\/td><td class=\"tipo-singolo-evento\"><a href=\"https:\/\/leserre.co\/%eventi-slug%\/chiara-camoni\/\" class=\"col252525\">Laboratorio<\/a><\/td><td class=\"luogo-singolo-evento\"><a href=\"https:\/\/leserre.co\/%eventi-slug%\/chiara-camoni\/\" class=\"col252525\">Le(Serre<\/a><\/td><\/tr><\/tbody><\/table><table class='uk-table uk-table-divider' data-luogo='leserre'><tr><td class=\"titolo-singolo-evento\"><a href=\"https:\/\/leserre.co\/%eventi-slug%\/pensare-in-presenza\/\" class=\"uk-text-bold col252525\">Pensare in presenza<\/a><\/td><td class=\"data-singolo-evento\"><a href=\"https:\/\/leserre.co\/%eventi-slug%\/pensare-in-presenza\/\" class=\"col252525\">14.09.2025<\/a><\/td><td class=\"tipo-singolo-evento\"><a href=\"https:\/\/leserre.co\/%eventi-slug%\/pensare-in-presenza\/\" class=\"col252525\">Talk<\/a><\/td><td class=\"luogo-singolo-evento\"><a href=\"https:\/\/leserre.co\/%eventi-slug%\/pensare-in-presenza\/\" class=\"col252525\">Le(Serre<\/a><\/td><\/tr><\/tbody><\/table><table class='uk-table uk-table-divider' data-luogo='leserre'><tr><td class=\"titolo-singolo-evento\"><a href=\"https:\/\/leserre.co\/%eventi-slug%\/paolo-forte\/\" class=\"uk-text-bold col252525\">Paolo Forte<\/a><\/td><td class=\"data-singolo-evento\"><a href=\"https:\/\/leserre.co\/%eventi-slug%\/paolo-forte\/\" class=\"col252525\">14.09.2025<\/a><\/td><td class=\"tipo-singolo-evento\"><a href=\"https:\/\/leserre.co\/%eventi-slug%\/paolo-forte\/\" class=\"col252525\">Concerto<\/a><\/td><td class=\"luogo-singolo-evento\"><a href=\"https:\/\/leserre.co\/%eventi-slug%\/paolo-forte\/\" class=\"col252525\">Le(Serre<\/a><\/td><\/tr><\/tbody><\/table><table class='uk-table uk-table-divider' data-luogo='leserre'><tr><td class=\"titolo-singolo-evento\"><a href=\"https:\/\/leserre.co\/%eventi-slug%\/la-vita-resistente\/\" class=\"uk-text-bold col252525\">La vita resistente<\/a><\/td><td class=\"data-singolo-evento\"><a href=\"https:\/\/leserre.co\/%eventi-slug%\/la-vita-resistente\/\" class=\"col252525\">05.09.2025<\/a><\/td><td class=\"tipo-singolo-evento\"><a href=\"https:\/\/leserre.co\/%eventi-slug%\/la-vita-resistente\/\" class=\"col252525\">Spettacolo<\/a><\/td><td class=\"luogo-singolo-evento\"><a href=\"https:\/\/leserre.co\/%eventi-slug%\/la-vita-resistente\/\" class=\"col252525\">Le(Serre<\/a><\/td><\/tr><\/tbody><\/table><table class='uk-table uk-table-divider' data-luogo='in-giro'><tr><td class=\"titolo-singolo-evento\"><a href=\"https:\/\/leserre.co\/%eventi-slug%\/trasposizioni-2\/\" class=\"uk-text-bold col252525\">Trasposizioni<\/a><\/td><td class=\"data-singolo-evento\"><a href=\"https:\/\/leserre.co\/%eventi-slug%\/trasposizioni-2\/\" class=\"col252525\">05\u201520.09.2025<\/a><\/td><td class=\"tipo-singolo-evento\"><a href=\"https:\/\/leserre.co\/%eventi-slug%\/trasposizioni-2\/\" class=\"col252525\">Mostra d&#039;arte<\/a><\/td><td class=\"luogo-singolo-evento\"><a href=\"https:\/\/leserre.co\/%eventi-slug%\/trasposizioni-2\/\" class=\"col252525\">In Giro<\/a><\/td><\/tr><\/tbody><\/table><table class='uk-table uk-table-divider' data-luogo='leserre'><tr><td class=\"titolo-singolo-evento\"><a href=\"https:\/\/leserre.co\/%eventi-slug%\/care-2\/\" class=\"uk-text-bold col252525\">CARE<\/a><\/td><td class=\"data-singolo-evento\"><a href=\"https:\/\/leserre.co\/%eventi-slug%\/care-2\/\" class=\"col252525\">02.09\u201504.11.2025<\/a><\/td><td class=\"tipo-singolo-evento\"><a href=\"https:\/\/leserre.co\/%eventi-slug%\/care-2\/\" class=\"col252525\">Laboratorio<\/a><\/td><td class=\"luogo-singolo-evento\"><a href=\"https:\/\/leserre.co\/%eventi-slug%\/care-2\/\" class=\"col252525\">Le(Serre<\/a><\/td><\/tr><\/tbody><\/table><\/div><div class='uk-margin-large-top evento-mese-wrapper' data-luoghi='in-giro leserre'><h3 class='titolo-mese-eventi'>Agosto 2025<\/h3><table class='uk-table uk-table-divider' data-luogo='in-giro'><tr><td class=\"titolo-singolo-evento\"><a href=\"https:\/\/leserre.co\/%eventi-slug%\/audiobus-2\/\" class=\"uk-text-bold col252525\">Audiobus<\/a><\/td><td class=\"data-singolo-evento\"><a href=\"https:\/\/leserre.co\/%eventi-slug%\/audiobus-2\/\" class=\"col252525\">27\u201530.08.2025<\/a><\/td><td class=\"tipo-singolo-evento\"><a href=\"https:\/\/leserre.co\/%eventi-slug%\/audiobus-2\/\" class=\"col252525\">Esperienza multimediale<\/a><\/td><td class=\"luogo-singolo-evento\"><a href=\"https:\/\/leserre.co\/%eventi-slug%\/audiobus-2\/\" class=\"col252525\">In Giro<\/a><\/td><\/tr><\/tbody><\/table><table class='uk-table uk-table-divider' data-luogo='in-giro'><tr><td class=\"titolo-singolo-evento\"><a href=\"https:\/\/leserre.co\/%eventi-slug%\/walk-the-line\/\" class=\"uk-text-bold col252525\">Walk the line<\/a><\/td><td class=\"data-singolo-evento\"><a href=\"https:\/\/leserre.co\/%eventi-slug%\/walk-the-line\/\" class=\"col252525\">25\u201430.08.2025<\/a><\/td><td class=\"tipo-singolo-evento\"><a href=\"https:\/\/leserre.co\/%eventi-slug%\/walk-the-line\/\" class=\"col252525\">Camminata<\/a><\/td><td class=\"luogo-singolo-evento\"><a href=\"https:\/\/leserre.co\/%eventi-slug%\/walk-the-line\/\" class=\"col252525\">In Giro<\/a><\/td><\/tr><\/tbody><\/table><table class='uk-table uk-table-divider' data-luogo='leserre'><tr><td class=\"titolo-singolo-evento\"><a href=\"https:\/\/leserre.co\/%eventi-slug%\/centro-estivo\/\" class=\"uk-text-bold col252525\">Centro estivo<\/a><\/td><td class=\"data-singolo-evento\"><a href=\"https:\/\/leserre.co\/%eventi-slug%\/centro-estivo\/\" class=\"col252525\">25.08\u201409.09.2025<\/a><\/td><td class=\"tipo-singolo-evento\"><a href=\"https:\/\/leserre.co\/%eventi-slug%\/centro-estivo\/\" class=\"col252525\">Centro estivo<\/a><\/td><td class=\"luogo-singolo-evento\"><a href=\"https:\/\/leserre.co\/%eventi-slug%\/centro-estivo\/\" class=\"col252525\">Le(Serre<\/a><\/td><\/tr><\/tbody><\/table><table class='uk-table uk-table-divider' data-luogo='leserre'><tr><td class=\"titolo-singolo-evento\"><a href=\"https:\/\/leserre.co\/%eventi-slug%\/trasposizioni\/\" class=\"uk-text-bold col252525\">Trasposizioni<\/a><\/td><td class=\"data-singolo-evento\"><a href=\"https:\/\/leserre.co\/%eventi-slug%\/trasposizioni\/\" class=\"col252525\">20.08.2025<\/a><\/td><td class=\"tipo-singolo-evento\"><a href=\"https:\/\/leserre.co\/%eventi-slug%\/trasposizioni\/\" class=\"col252525\">Mostra d&#039;arte<\/a><\/td><td class=\"luogo-singolo-evento\"><a href=\"https:\/\/leserre.co\/%eventi-slug%\/trasposizioni\/\" class=\"col252525\">Le(Serre<\/a><\/td><\/tr><\/tbody><\/table><\/div><div class='uk-margin-large-top evento-mese-wrapper' data-luoghi='leserre'><h3 class='titolo-mese-eventi'>Luglio 2025<\/h3><table class='uk-table uk-table-divider' data-luogo='leserre'><tr><td class=\"titolo-singolo-evento\"><a href=\"https:\/\/leserre.co\/%eventi-slug%\/care\/\" class=\"uk-text-bold col252525\">CARE<\/a><\/td><td class=\"data-singolo-evento\"><a href=\"https:\/\/leserre.co\/%eventi-slug%\/care\/\" class=\"col252525\">23.07.2025<\/a><\/td><td class=\"tipo-singolo-evento\"><a href=\"https:\/\/leserre.co\/%eventi-slug%\/care\/\" class=\"col252525\">Presentazione + Reading<\/a><\/td><td class=\"luogo-singolo-evento\"><a href=\"https:\/\/leserre.co\/%eventi-slug%\/care\/\" class=\"col252525\">Le(Serre<\/a><\/td><\/tr><\/tbody><\/table><\/div><div class='uk-margin-large-top evento-mese-wrapper' data-luoghi='in-giro leserre'><h3 class='titolo-mese-eventi'>Giugno 2025<\/h3><table class='uk-table uk-table-divider' data-luogo='in-giro'><tr><td class=\"titolo-singolo-evento\"><a href=\"https:\/\/leserre.co\/%eventi-slug%\/audiobus\/\" class=\"uk-text-bold col252525\">Audiobus Gorizia<\/a><\/td><td class=\"data-singolo-evento\"><a href=\"https:\/\/leserre.co\/%eventi-slug%\/audiobus\/\" class=\"col252525\">28.06.2025<\/a><\/td><td class=\"tipo-singolo-evento\"><a href=\"https:\/\/leserre.co\/%eventi-slug%\/audiobus\/\" class=\"col252525\">Esperienza multimediale<\/a><\/td><td class=\"luogo-singolo-evento\"><a href=\"https:\/\/leserre.co\/%eventi-slug%\/audiobus\/\" class=\"col252525\">In Giro<\/a><\/td><\/tr><\/tbody><\/table><table class='uk-table uk-table-divider' data-luogo='in-giro'><tr><td class=\"titolo-singolo-evento\"><a href=\"https:\/\/leserre.co\/%eventi-slug%\/fare-comunita-leggendo\/\" class=\"uk-text-bold col252525\">Fare comunit\u00e0 leggendo<\/a><\/td><td class=\"data-singolo-evento\"><a href=\"https:\/\/leserre.co\/%eventi-slug%\/fare-comunita-leggendo\/\" class=\"col252525\">23.06.2025<\/a><\/td><td class=\"tipo-singolo-evento\"><a href=\"https:\/\/leserre.co\/%eventi-slug%\/fare-comunita-leggendo\/\" class=\"col252525\">Convegno<\/a><\/td><td class=\"luogo-singolo-evento\"><a href=\"https:\/\/leserre.co\/%eventi-slug%\/fare-comunita-leggendo\/\" class=\"col252525\">In Giro<\/a><\/td><\/tr><\/tbody><\/table><table class='uk-table uk-table-divider' data-luogo='in-giro'><tr><td class=\"titolo-singolo-evento\"><a href=\"https:\/\/leserre.co\/%eventi-slug%\/fare-comunita-recitando\/\" class=\"uk-text-bold col252525\">Fare comunit\u00e0 recitando<\/a><\/td><td class=\"data-singolo-evento\"><a href=\"https:\/\/leserre.co\/%eventi-slug%\/fare-comunita-recitando\/\" class=\"col252525\">20.06.2025<\/a><\/td><td class=\"tipo-singolo-evento\"><a href=\"https:\/\/leserre.co\/%eventi-slug%\/fare-comunita-recitando\/\" class=\"col252525\">Convegno<\/a><\/td><td class=\"luogo-singolo-evento\"><a href=\"https:\/\/leserre.co\/%eventi-slug%\/fare-comunita-recitando\/\" class=\"col252525\">In Giro<\/a><\/td><\/tr><\/tbody><\/table><table class='uk-table uk-table-divider' data-luogo='in-giro'><tr><td class=\"titolo-singolo-evento\"><a href=\"https:\/\/leserre.co\/%eventi-slug%\/terminal-festival\/\" class=\"uk-text-bold col252525\">Terminal Festival<\/a><\/td><td class=\"data-singolo-evento\"><a href=\"https:\/\/leserre.co\/%eventi-slug%\/terminal-festival\/\" class=\"col252525\">13\u201522.06.2025<\/a><\/td><td class=\"tipo-singolo-evento\"><a href=\"https:\/\/leserre.co\/%eventi-slug%\/terminal-festival\/\" class=\"col252525\">Festival<\/a><\/td><td class=\"luogo-singolo-evento\"><a href=\"https:\/\/leserre.co\/%eventi-slug%\/terminal-festival\/\" class=\"col252525\">In Giro<\/a><\/td><\/tr><\/tbody><\/table><table class='uk-table uk-table-divider' data-luogo='leserre'><tr><td class=\"titolo-singolo-evento\"><a href=\"https:\/\/leserre.co\/%eventi-slug%\/corso-base-audio-luci\/\" class=\"uk-text-bold col252525\">Corso audio luci<\/a><\/td><td class=\"data-singolo-evento\"><a href=\"https:\/\/leserre.co\/%eventi-slug%\/corso-base-audio-luci\/\" class=\"col252525\">9\u201513.06.2025<\/a><\/td><td class=\"tipo-singolo-evento\"><a href=\"https:\/\/leserre.co\/%eventi-slug%\/corso-base-audio-luci\/\" class=\"col252525\">Formazione<\/a><\/td><td class=\"luogo-singolo-evento\"><a href=\"https:\/\/leserre.co\/%eventi-slug%\/corso-base-audio-luci\/\" class=\"col252525\">Le(Serre<\/a><\/td><\/tr><\/tbody><\/table><table class='uk-table uk-table-divider' data-luogo='in-giro'><tr><td class=\"titolo-singolo-evento\"><a href=\"https:\/\/leserre.co\/%eventi-slug%\/fare-comunita-narrando\/\" class=\"uk-text-bold col252525\">Fare comunit\u00e0 narrando<\/a><\/td><td class=\"data-singolo-evento\"><a href=\"https:\/\/leserre.co\/%eventi-slug%\/fare-comunita-narrando\/\" class=\"col252525\">07.06.2025<\/a><\/td><td class=\"tipo-singolo-evento\"><a href=\"https:\/\/leserre.co\/%eventi-slug%\/fare-comunita-narrando\/\" class=\"col252525\">Laboratorio<\/a><\/td><td class=\"luogo-singolo-evento\"><a href=\"https:\/\/leserre.co\/%eventi-slug%\/fare-comunita-narrando\/\" class=\"col252525\">In Giro<\/a><\/td><\/tr><\/tbody><\/table><table class='uk-table uk-table-divider' data-luogo='leserre'><tr><td class=\"titolo-singolo-evento\"><a href=\"https:\/\/leserre.co\/%eventi-slug%\/lintervista-raccogliere-una-vita\/\" class=\"uk-text-bold col252525\">L&#8217;intervista: raccogliere una vita<\/a><\/td><td class=\"data-singolo-evento\"><a href=\"https:\/\/leserre.co\/%eventi-slug%\/lintervista-raccogliere-una-vita\/\" class=\"col252525\">05.06.2025<\/a><\/td><td class=\"tipo-singolo-evento\"><a href=\"https:\/\/leserre.co\/%eventi-slug%\/lintervista-raccogliere-una-vita\/\" class=\"col252525\">Seminario<\/a><\/td><td class=\"luogo-singolo-evento\"><a href=\"https:\/\/leserre.co\/%eventi-slug%\/lintervista-raccogliere-una-vita\/\" class=\"col252525\">Le(Serre<\/a><\/td><\/tr><\/tbody><\/table><\/div><div class='uk-margin-large-top evento-mese-wrapper' data-luoghi='in-giro leserre'><h3 class='titolo-mese-eventi'>Maggio 2025<\/h3><table class='uk-table uk-table-divider' data-luogo='in-giro'><tr><td class=\"titolo-singolo-evento\"><a href=\"https:\/\/leserre.co\/%eventi-slug%\/tracks\/\" class=\"uk-text-bold col252525\">Tracks<\/a><\/td><td class=\"data-singolo-evento\"><a href=\"https:\/\/leserre.co\/%eventi-slug%\/tracks\/\" class=\"col252525\">31.05.2025<\/a><\/td><td class=\"tipo-singolo-evento\"><a href=\"https:\/\/leserre.co\/%eventi-slug%\/tracks\/\" class=\"col252525\">Presentazione App<\/a><\/td><td class=\"luogo-singolo-evento\"><a href=\"https:\/\/leserre.co\/%eventi-slug%\/tracks\/\" class=\"col252525\">In Giro<\/a><\/td><\/tr><\/tbody><\/table><table class='uk-table uk-table-divider' data-luogo='leserre'><tr><td class=\"titolo-singolo-evento\"><a href=\"https:\/\/leserre.co\/%eventi-slug%\/formazione-centri-estivi\/\" class=\"uk-text-bold col252525\">Formazione centri estivi<\/a><\/td><td class=\"data-singolo-evento\"><a href=\"https:\/\/leserre.co\/%eventi-slug%\/formazione-centri-estivi\/\" class=\"col252525\">21\u201528.05.2025<\/a><\/td><td class=\"tipo-singolo-evento\"><a href=\"https:\/\/leserre.co\/%eventi-slug%\/formazione-centri-estivi\/\" class=\"col252525\">Formazione<\/a><\/td><td class=\"luogo-singolo-evento\"><a href=\"https:\/\/leserre.co\/%eventi-slug%\/formazione-centri-estivi\/\" class=\"col252525\">Le(Serre<\/a><\/td><\/tr><\/tbody><\/table><\/div><\/div><\/div>\n<p><!--more--><br \/>\n<!-- {\"name\":\"evento\",\"type\":\"layout\",\"children\":[{\"type\":\"section\",\"props\":{\"style\":\"primary\",\"width\":\"expand\",\"vertical_align\":\"middle\",\"title_position\":\"top-left\",\"title_rotation\":\"left\",\"title_breakpoint\":\"xl\",\"image_position\":\"center-center\",\"padding\":\"xsmall\"},\"children\":[{\"type\":\"row\",\"children\":[{\"type\":\"column\",\"props\":{\"position_sticky_breakpoint\":\"m\",\"image_position\":\"center-center\",\"media_overlay_gradient\":\"\"},\"children\":[{\"type\":\"headline\",\"props\":{\"title_element\":\"h2\",\"content\":\"<img style=\\\"margin-bottom: 5px;\\\" class=\\\"uk-visible@m\\\" src=\\\"https:\\\/\\\/leserre.co\\\/wp-content\\\/uploads\\\/2025\\\/05\\\/arrow2.png\\\" alt=\\\"\\\" width=\\\"40\\\" height=\\\"27\\\" \\\/><img style=\\\"margin-bottom: 5px;\\\" class=\\\"uk-hidden@m\\\" src=\\\"https:\\\/\\\/leserre.co\\\/wp-content\\\/uploads\\\/2025\\\/05\\\/arrow2.png\\\" alt=\\\"\\\" width=\\\"27\\\" height=\\\"27\\\" \\\/> Torna al Calendario eventi\",\"title_style\":\"h2\",\"title_color\":\"secondary\",\"link\":\"calendario-eventi\\\/\",\"content_en_gb\":\"<img style=\\\"margin-bottom: 5px;\\\" class=\\\"uk-visible@m\\\" src=\\\"https:\\\/\\\/leserre.co\\\/wp-content\\\/uploads\\\/2025\\\/05\\\/arrow2.png\\\" alt=\\\"\\\" width=\\\"40\\\" height=\\\"27\\\" \\\/><img style=\\\"margin-bottom: 5px;\\\" class=\\\"uk-hidden@m\\\" src=\\\"https:\\\/\\\/leserre.co\\\/wp-content\\\/uploads\\\/2025\\\/05\\\/arrow2.png\\\" alt=\\\"\\\" width=\\\"27\\\" height=\\\"27\\\" \\\/> Back to events calendar \"}}]}]}],\"name\":\"torna al calendario\"},{\"type\":\"section\",\"props\":{\"style\":\"default\",\"width\":\"expand\",\"vertical_align\":\"middle\",\"title_position\":\"top-left\",\"title_rotation\":\"left\",\"title_breakpoint\":\"xl\",\"image_position\":\"center-center\",\"class\":\"bgF4F1E2\",\"padding_remove_top\":false},\"children\":[{\"type\":\"row\",\"children\":[{\"type\":\"column\",\"props\":{\"position_sticky_breakpoint\":\"m\",\"image_position\":\"center-center\",\"media_overlay_gradient\":\"\"},\"children\":[{\"type\":\"html\",\"props\":{\"content\":\"[eventi_archiviati]\",\"class\":\"\"}}]}],\"props\":{\"row_gap\":\"collapse\",\"margin\":\"remove-vertical\",\"class\":\"\"}}],\"name\":\"Eventi\"}],\"version\":\"2.7.21\"} --><\/p>\n","protected":false},"excerpt":{"rendered":"<p>Torna al Calendario eventi<\/p>\n","protected":false},"author":1,"featured_media":0,"parent":0,"menu_order":0,"comment_status":"closed","ping_status":"closed","template":"","meta":[],"acf":[],"_links":{"self":[{"href":"https:\/\/leserre.co\/wp-json\/wp\/v2\/pages\/5011"}],"collection":[{"href":"https:\/\/leserre.co\/wp-json\/wp\/v2\/pages"}],"about":[{"href":"https:\/\/leserre.co\/wp-json\/wp\/v2\/types\/page"}],"author":[{"embeddable":true,"href":"https:\/\/leserre.co\/wp-json\/wp\/v2\/users\/1"}],"replies":[{"embeddable":true,"href":"https:\/\/leserre.co\/wp-json\/wp\/v2\/comments?post=5011"}],"version-history":[{"count":9,"href":"https:\/\/leserre.co\/wp-json\/wp\/v2\/pages\/5011\/revisions"}],"predecessor-version":[{"id":5180,"href":"https:\/\/leserre.co\/wp-json\/wp\/v2\/pages\/5011\/revisions\/5180"}],"wp:attachment":[{"href":"https:\/\/leserre.co\/wp-json\/wp\/v2\/media?parent=5011"}],"curies":[{"name":"wp","href":"https:\/\/api.w.org\/{rel}","templated":true}]}}